{"version":"1.0","provider_name":"DRA. GIBERT","provider_url":"https:\/\/www.doctoragibert.com\/es\/","author_name":"miquel som2","author_url":"https:\/\/www.doctoragibert.com\/es\/author\/miquel-som2\/","title":"VACUNAS CONTRA LA COVID-19: \u00bfc\u00f3mo funcionan?, \u00bfqu\u00e9 sabemos de ellas?, \u00bfson seguras para embarazadas y para madres lactantes? - DRA. GIBERT","type":"rich","width":600,"height":338,"html":"<blockquote class=\"wp-embedded-content\" data-secret=\"zTy8KywNGu\"><a href=\"https:\/\/www.doctoragibert.com\/es\/pacientes\/embarazo-y-parto\/vacunas-contra-covid-19\/\">VACUNAS CONTRA LA COVID-19: \u00bfc\u00f3mo funcionan?, \u00bfqu\u00e9 sabemos de ellas?, \u00bfson seguras para embarazadas y para madres lactantes?<\/a><\/blockquote><iframe sandbox=\"allow-scripts\" security=\"restricted\" src=\"https:\/\/www.doctoragibert.com\/es\/pacientes\/embarazo-y-parto\/vacunas-contra-covid-19\/embed\/#?secret=zTy8KywNGu\" width=\"600\" height=\"338\" title=\"\u00abVACUNAS CONTRA LA COVID-19: \u00bfc\u00f3mo funcionan?, \u00bfqu\u00e9 sabemos de ellas?, \u00bfson seguras para embarazadas y para madres lactantes?\u00bb \u2014 DRA. GIBERT\" data-secret=\"zTy8KywNGu\" frameborder=\"0\" marginwidth=\"0\" marginheight=\"0\" scrolling=\"no\" class=\"wp-embedded-content\"><\/iframe><script>\n\/*! This file is auto-generated *\/\n!function(d,l){\"use strict\";l.querySelector&&d.addEventListener&&\"undefined\"!=typeof URL&&(d.wp=d.wp||{},d.wp.receiveEmbedMessage||(d.wp.receiveEmbedMessage=function(e){var t=e.data;if((t||t.secret||t.message||t.value)&&!\/[^a-zA-Z0-9]\/.test(t.secret)){for(var s,r,n,a=l.querySelectorAll('iframe[data-secret=\"'+t.secret+'\"]'),o=l.querySelectorAll('blockquote[data-secret=\"'+t.secret+'\"]'),c=new RegExp(\"^https?:$\",\"i\"),i=0;i<o.length;i++)o[i].style.display=\"none\";for(i=0;i<a.length;i++)s=a[i],e.source===s.contentWindow&&(s.removeAttribute(\"style\"),\"height\"===t.message?(1e3<(r=parseInt(t.value,10))?r=1e3:~~r<200&&(r=200),s.height=r):\"link\"===t.message&&(r=new URL(s.getAttribute(\"src\")),n=new URL(t.value),c.test(n.protocol))&&n.host===r.host&&l.activeElement===s&&(d.top.location.href=t.value))}},d.addEventListener(\"message\",d.wp.receiveEmbedMessage,!1),l.addEventListener(\"DOMContentLoaded\",function(){for(var e,t,s=l.querySelectorAll(\"iframe.wp-embedded-content\"),r=0;r<s.length;r++)(t=(e=s[r]).getAttribute(\"data-secret\"))||(t=Math.random().toString(36).substring(2,12),e.src+=\"#?secret=\"+t,e.setAttribute(\"data-secret\",t)),e.contentWindow.postMessage({message:\"ready\",secret:t},\"*\")},!1)))}(window,document);\n<\/script>\n","description":"Autora:\u00a0Dra. MJ Gibert. Fecha de actualizaci\u00f3n: 26\/11\/22 . Fecha de versiones previas: 28\/2\/21, 26\/6\/21, 31\/7\/21, 4\/9\/21, 8\/1\/22, 18\/1\/22. Para tratar un tema del que se ha hablado y a\u00fan se hablar\u00e1 tanto como \u00e9ste, creo que lo mejor es seguir el sistema pregunta-respuesta. As\u00ed, podr\u00e9is ir localizando bajo los titulares lo que m\u00e1s os interese. [&hellip;]","thumbnail_url":"https:\/\/www.doctoragibert.com\/wp-content\/uploads\/2022\/11\/Covid_19_xifres_mundials_26-11-22.jpg"}