{"id":14953,"date":"2015-03-26T11:42:20","date_gmt":"2015-03-26T11:42:20","guid":{"rendered":"https:\/\/www.doctoragibert.com\/quien-soy\/"},"modified":"2024-04-29T15:33:16","modified_gmt":"2024-04-29T15:33:16","slug":"quienes-somos","status":"publish","type":"page","link":"https:\/\/www.doctoragibert.com\/es\/quienes-somos\/","title":{"rendered":"QUI\u00c9NES SOMOS"},"content":{"rendered":"\t\t<div data-elementor-type=\"wp-page\" data-elementor-id=\"14953\" class=\"elementor elementor-14953 elementor-6697\">\n\t\t\t\t\t\t<section class=\"elementor-section elementor-top-section elementor-element elementor-element-7abe207 elementor-section-boxed elementor-section-height-default elementor-section-height-default\" data-id=\"7abe207\" data-element_type=\"section\">\n\t\t\t\t\t\t<div class=\"elementor-container elementor-column-gap-default\">\n\t\t\t\t\t<div class=\"elementor-column elementor-col-100 elementor-top-column elementor-element elementor-element-bbde79d\" data-id=\"bbde79d\" data-element_type=\"column\" data-settings=\"{&quot;background_background&quot;:&quot;classic&quot;}\">\n\t\t\t<div class=\"elementor-widget-wrap elementor-element-populated\">\n\t\t\t\t\t<div class=\"elementor-background-overlay\"><\/div>\n\t\t\t\t\t\t<div class=\"elementor-element elementor-element-4d04291 elementor-widget elementor-widget-heading\" data-id=\"4d04291\" data-element_type=\"widget\" data-widget_type=\"heading.default\">\n\t\t\t\t<div class=\"elementor-widget-container\">\n\t\t\t\t\t<h2 class=\"elementor-heading-title elementor-size-default\">\u00bfQui\u00e9nes somos?<\/h2>\t\t\t\t<\/div>\n\t\t\t\t<\/div>\n\t\t\t\t\t<\/div>\n\t\t<\/div>\n\t\t\t\t\t<\/div>\n\t\t<\/section>\n\t\t\t\t<section class=\"elementor-section elementor-top-section elementor-element elementor-element-9a71825 elementor-section-boxed elementor-section-height-default elementor-section-height-default\" data-id=\"9a71825\" data-element_type=\"section\">\n\t\t\t\t\t\t<div class=\"elementor-container elementor-column-gap-default\">\n\t\t\t\t\t<div class=\"elementor-column elementor-col-100 elementor-top-column elementor-element elementor-element-cdc69f5\" data-id=\"cdc69f5\" data-element_type=\"column\">\n\t\t\t<div class=\"elementor-widget-wrap elementor-element-populated\">\n\t\t\t\t\t\t<div class=\"elementor-element elementor-element-0aac02b elementor-widget elementor-widget-spacer\" data-id=\"0aac02b\" data-element_type=\"widget\" data-widget_type=\"spacer.default\">\n\t\t\t\t<div class=\"elementor-widget-container\">\n\t\t\t\t\t\t\t<div class=\"elementor-spacer\">\n\t\t\t<div class=\"elementor-spacer-inner\"><\/div>\n\t\t<\/div>\n\t\t\t\t\t\t<\/div>\n\t\t\t\t<\/div>\n\t\t\t\t<div class=\"elementor-element elementor-element-bc9a48f elementor-widget elementor-widget-heading\" data-id=\"bc9a48f\" data-element_type=\"widget\" data-widget_type=\"heading.default\">\n\t\t\t\t<div class=\"elementor-widget-container\">\n\t\t\t\t\t<h2 class=\"elementor-heading-title elementor-size-default\">Dra. Maria Josep Gibert<\/h2>\t\t\t\t<\/div>\n\t\t\t\t<\/div>\n\t\t\t\t<div class=\"elementor-element elementor-element-703338d elementor-widget elementor-widget-spacer\" data-id=\"703338d\" data-element_type=\"widget\" data-widget_type=\"spacer.default\">\n\t\t\t\t<div class=\"elementor-widget-container\">\n\t\t\t\t\t\t\t<div class=\"elementor-spacer\">\n\t\t\t<div class=\"elementor-spacer-inner\"><\/div>\n\t\t<\/div>\n\t\t\t\t\t\t<\/div>\n\t\t\t\t<\/div>\n\t\t\t\t\t<\/div>\n\t\t<\/div>\n\t\t\t\t\t<\/div>\n\t\t<\/section>\n\t\t\t\t<section class=\"elementor-section elementor-top-section elementor-element elementor-element-40e5627 elementor-section-boxed elementor-section-height-default elementor-section-height-default\" data-id=\"40e5627\" data-element_type=\"section\">\n\t\t\t\t\t\t<div class=\"elementor-container elementor-column-gap-default\">\n\t\t\t\t\t<div class=\"elementor-column elementor-col-100 elementor-top-column elementor-element elementor-element-c68aa88\" data-id=\"c68aa88\" data-element_type=\"column\">\n\t\t\t<div class=\"elementor-widget-wrap elementor-element-populated\">\n\t\t\t\t\t\t<div class=\"elementor-element elementor-element-8feb3e1 cv elementor-tabs-view-horizontal elementor-widget elementor-widget-tabs\" data-id=\"8feb3e1\" data-element_type=\"widget\" data-widget_type=\"tabs.default\">\n\t\t\t\t<div class=\"elementor-widget-container\">\n\t\t\t\t\t\t\t<div class=\"elementor-tabs\">\n\t\t\t<div class=\"elementor-tabs-wrapper\" role=\"tablist\" >\n\t\t\t\t\t\t\t\t\t<div id=\"elementor-tab-title-1501\" class=\"elementor-tab-title elementor-tab-desktop-title\" aria-selected=\"true\" data-tab=\"1\" role=\"tab\" tabindex=\"0\" aria-controls=\"elementor-tab-content-1501\" aria-expanded=\"false\">En breve<\/div>\n\t\t\t\t\t\t\t\t\t<div id=\"elementor-tab-title-1502\" class=\"elementor-tab-title elementor-tab-desktop-title\" aria-selected=\"false\" data-tab=\"2\" role=\"tab\" tabindex=\"-1\" aria-controls=\"elementor-tab-content-1502\" aria-expanded=\"false\">Curr\u00edculum Vitae<\/div>\n\t\t\t\t\t\t\t\t\t<div id=\"elementor-tab-title-1503\" class=\"elementor-tab-title elementor-tab-desktop-title\" aria-selected=\"false\" data-tab=\"3\" role=\"tab\" tabindex=\"-1\" aria-controls=\"elementor-tab-content-1503\" aria-expanded=\"false\">Filosof\u00eda asistencial<\/div>\n\t\t\t\t\t\t\t<\/div>\n\t\t\t<div class=\"elementor-tabs-content-wrapper\" role=\"tablist\" aria-orientation=\"vertical\">\n\t\t\t\t\t\t\t\t\t<div class=\"elementor-tab-title elementor-tab-mobile-title\" aria-selected=\"true\" data-tab=\"1\" role=\"tab\" tabindex=\"0\" aria-controls=\"elementor-tab-content-1501\" aria-expanded=\"false\">En breve<\/div>\n\t\t\t\t\t<div id=\"elementor-tab-content-1501\" class=\"elementor-tab-content elementor-clearfix\" data-tab=\"1\" role=\"tabpanel\" aria-labelledby=\"elementor-tab-title-1501\" tabindex=\"0\" hidden=\"false\"><p><a href=\"https:\/\/www.doctoragibert.com\/wp-content\/uploads\/2020\/09\/doctora-gibert.jpg\"><img fetchpriority=\"high\" decoding=\"async\" class=\"alignleft wp-image-11696 size-full\" src=\"https:\/\/www.doctoragibert.com\/wp-content\/uploads\/2020\/09\/doctora-gibert.jpg\" alt=\"\" width=\"400\" height=\"533\" srcset=\"https:\/\/www.doctoragibert.com\/wp-content\/uploads\/2020\/09\/doctora-gibert.jpg 400w, https:\/\/www.doctoragibert.com\/wp-content\/uploads\/2020\/09\/doctora-gibert-225x300.jpg 225w, https:\/\/www.doctoragibert.com\/wp-content\/uploads\/2020\/09\/doctora-gibert-200x267.jpg 200w\" sizes=\"(max-width: 400px) 100vw, 400px\" \/><\/a>Soy una m\u00e9dica vocacional que nac\u00ed en Palma de Mallorca, en 1967 y estoy orgullosa tanto de mi profesi\u00f3n como de haber nacido en la isla. Mi relaci\u00f3n con la Ginecolog\u00eda no fue un \u201cflechazo\u201d, pero pienso que eleg\u00ed bien, puesto que os he podido acompa\u00f1ar a muchos de vosotros (madres y padres) en algunos de los mejores momentos de vuestra vida y ello es un privilegio.<\/p><p>He sido, durante m\u00e1s de una d\u00e9cada, docente de matronas y una vez concluida esta etapa, estoy aprovechando la oportunidad de impartir clases a los futuros m\u00e9dicos en la Facultad de Medicina de la Universitat de les Illes Balears.<\/p><p>Aunque los embarazos y los partos (Obstetricia) son muy importantes, nuestra especialidad es muy amplia y desde hace a\u00f1os que me dedico mucho a la Ginecolog\u00eda, las enfermedades de la mama y las cirug\u00edas derivadas.<\/p><p>Me considero una profesional inquieta, siempre revisando lo que he hecho y tratando de mejorarlo, tanto analizando mi trabajo y contrastando mi opini\u00f3n con la de otros profesionales, como captando ideas de las publicaciones cient\u00edficas m\u00e1s solventes de nuestra especialidad.<\/p><p>As\u00ed, me doctor\u00e9 en la Universitat Aut\u00f2noma de Barcelona, adem\u00e1s asisto regularmente a cursos y a otras actividades docentes. A lo largo de mi vida profesional he atendido consultas de ecograf\u00eda, de gestantes de alto riesgo, diagn\u00f3stico prenatal, reproducci\u00f3n asistida, ginecolog\u00edas benigna y oncol\u00f3gica. A resultas de este itinerario profesional, opero de la manera convencional (cirug\u00eda abierta), con endoscopia (cirug\u00eda de m\u00ednima invasi\u00f3n, laparoscopia e histeroscopia) y la mama sin cicatrices visibles.<\/p><p>Aunque soy una ginec\u00f3loga de la Seguridad Social de toda la vida, debo agradecer que se me diera la oportunidad de trabajar en el sector sanitario privado. De hecho, pienso que mi pr\u00e1ctica profesional se ha enriquecido con este doble ejercicio y esto me permite ofrecer a mis pacientes las alternativas con los mejores resultados en salud, las m\u00ednimas demoras, molestias y con unos costes moderados.<\/p><\/div>\n\t\t\t\t\t\t\t\t\t<div class=\"elementor-tab-title elementor-tab-mobile-title\" aria-selected=\"false\" data-tab=\"2\" role=\"tab\" tabindex=\"-1\" aria-controls=\"elementor-tab-content-1502\" aria-expanded=\"false\">Curr\u00edculum Vitae<\/div>\n\t\t\t\t\t<div id=\"elementor-tab-content-1502\" class=\"elementor-tab-content elementor-clearfix\" data-tab=\"2\" role=\"tabpanel\" aria-labelledby=\"elementor-tab-title-1502\" tabindex=\"0\" hidden=\"hidden\"><p><strong>T\u00cdTULOS ACAD\u00c9MICOS:<\/strong><\/p><p>\u2022 Licenciada en Medicina y Cirug\u00eda (Universidad de Zaragoza, cursos 1985-91). Colegiada con el n\u00famero 07074588 (Colegio de M\u00e9dicos de les Illes Balears).<br \/>\u2022 M\u00e9dica de Medicina General (t\u00edtulo expedido por el Ministerio de Sanidad y Consumo espa\u00f1ol que habilita para las funciones de m\u00e9dico de Medicina General en el Sistema Nacional de Salud Espa\u00f1ol y en los Sistemas P\u00fablicos de Seguridad Social del resto de los Estados Miembros de las Comunidades Europeas, 1995).<br \/>\u2022 Especialista en Obstetricia y Ginecolog\u00eda por la v\u00eda MIR (M\u00e9dico Interno Residente) (Hospital Universitari Son Dureta, 1996).<br \/>\u2022 Doctora en Medicina y Cirug\u00eda (Universitat Aut\u00f2noma de Barcelona, 2003). Mi tesis se puede consultar <a href=\"http:\/\/www.tdx.cat\/handle\/10803\/4603\" target=\"_blank\" rel=\"noopener\">aqu\u00ed<\/a>.<\/p><p><strong>FORMACI\u00d3N:<\/strong><\/p><p>\u2022 Primer a\u00f1o de Residencia de la especialidad de Medicina Familiar y Comunitaria en el Hospital Son Dureta (1992).<br \/>\u2022 Residencia de la especialidad de Obstetricia y Ginecolog\u00eda en el Hospital Universitari Son Dureta (1993-1996).<\/p><p><strong>EJERCICIO ASISTENCIAL:<\/strong><\/p><p>\u2022 Facultativa Especialista de \u00c1rea de Obstetricia y Ginecolog\u00eda en el Hospital Son Dureta\/Son Espases (1997-2007 y 2010-2018), en el Hospital Comarcal d\u2019Inca (2007-2010), en la Cl\u00ednica Palmaplanas (2009-2015) y en consulta privada propia (desde 2015 hasta la actualidad).<br \/>\u2022 Lugares donde he desempe\u00f1ado mi tarea:<\/p><ul><li type=\"circle\">Atenci\u00f3n Primaria de Salud, Consulta de Ginecolog\u00eda (Centro de Salud Emili Darder, Palma).<\/li><li type=\"circle\">Atenci\u00f3n Prenatal, Paritorio y Urgencias obst\u00e9tricas y ginecol\u00f3gicas (Hospital Son Dureta).<\/li><li type=\"circle\">Consultas de Diagn\u00f3stico Prenatal y Ecograf\u00edas (Hospital Son Dureta, Hospital Comarcal d\u2019Inca).<\/li><li type=\"circle\">Quir\u00f3fano de Ginecolog\u00eda: cirug\u00edas ginecol\u00f3gicas abierta y endosc\u00f3pica, oncol\u00f3gica ginecol\u00f3gia y mamaria (Hospitales Son Dureta, Comarcal d\u2019Inca y Son Espases).<\/li><li type=\"circle\">Unidad de Reproducci\u00f3n Humana (Hospital Son Espases).<\/li><li type=\"circle\">Secci\u00f3n de Ginecolog\u00eda Oncol\u00f3gica (Hospital Son Espases).<\/li><\/ul><p><strong>SALUD P\u00daBLICA:<\/strong><\/p><p>\u2022 Responsable de la puesta en marcha del cribado poblacional de c\u00e1ncer cervical de la Direcci\u00f3 General de Salut P\u00fablica de la Conselleria de Salut desde 2019.<\/p><p><strong>GESTI\u00d3N:<\/strong><\/p><p>\u2022 Coordinadora de la Secci\u00f3n de Ginecolog\u00eda del Hospital Son Dureta (2006).<br \/>\u2022 Responsable de la Secci\u00f3n de Ginecolog\u00eda Oncol\u00f3gica del Hospital Son Espases (2016-2018).<br \/>\u2022 Coordinadora del Servicio de Obstetricia y Ginecolog\u00eda del Hospital Universitari Son Espases entre septiembre de 2016 y octubre de 2017.<\/p><p><strong>DOCENCIA:<\/strong><\/p><p>\u2022 Profesora de la asignatura \u201cEnfermer\u00eda Maternal y del Neonato II\u201d en la Unidad Docente de Matronas entre 2004 y 2014.<br \/>\u2022 Tutora de residentes de Ginecolog\u00eda y Obstetricia del Hospital Son Espases entre 2012 y 2013.<br \/>\u2022 Profesora de Ginecolog\u00eda Oncol\u00f3gica en la Facultat de la Medicina de la Universitat de les Illes Balears desde 2019.<\/p><p><strong>INVESTIGACI\u00d3N:<\/strong><\/p><p>\u2022 Autora o coautora de m\u00e1s de treinta trabajos que se han dado a conocer en forma de art\u00edculo cient\u00edfico, comunicaci\u00f3n o p\u00f3ster.<\/p><p><strong>ACTIVIDADES FORMATIVAS DESTACADAS:<\/strong><\/p><p>\u2022 Diploma en Medicina Fetal otorgado por la Fetal Medicine Foundation (Dres. E. Carreras, Hospital Vall d\u2019Hebron (Barcelona) y K. H. Nicolaides (Harris Birthright Centre, King\u2019s College Hospital (Londres)) en 2006.<br \/>\u2022 Postgrado \u201cGesti\u00f3n Cl\u00ednica de la Provisi\u00f3n de Servicios: \u00c1rea M\u00e9dica\u201d de la Universitat Oberta de Catalunya (2005-7).<br \/>\u2022 V M\u00e1ster en Endoscopia Ginecol\u00f3gica, Hospital Vall d\u2019Hebron (Barcelona) entre 2009 y 2010.<br \/>\u2022 Estancia formativa como m\u00e9dico asistente en la Unidad de Ginecolog\u00eda Oncol\u00f3gica del Hospital Cl\u00ednic de Barcelona (2015).<br \/>\u2022 Curso de especializaci\u00f3n en cirug\u00eda oncopl\u00e1stica y reconstructiva de la mama, dirigido por el Dr. Benigno Acea (Hospital General Abente y Lago, A Coru\u00f1a). Realizado en 2016.<\/p><\/div>\n\t\t\t\t\t\t\t\t\t<div class=\"elementor-tab-title elementor-tab-mobile-title\" aria-selected=\"false\" data-tab=\"3\" role=\"tab\" tabindex=\"-1\" aria-controls=\"elementor-tab-content-1503\" aria-expanded=\"false\">Filosof\u00eda asistencial<\/div>\n\t\t\t\t\t<div id=\"elementor-tab-content-1503\" class=\"elementor-tab-content elementor-clearfix\" data-tab=\"3\" role=\"tabpanel\" aria-labelledby=\"elementor-tab-title-1503\" tabindex=\"0\" hidden=\"hidden\"><p>En mi pr\u00e1ctica asistencial me describo como \u201cminimalista\u201d, visto que mi objetivo es prevenir y\/o curar con escasas molestias para las pacientes. No s\u00f3lo me refiero a utilizar los m\u00e9todos m\u00e1s seguros y a no alarmar innecesariamente, sino tambi\u00e9n a evitar desplazamientos y p\u00e9rdidas de tiempo.<\/p><p>Mi principio bio\u00e9tico preferido es el de la no maleficencia, esto es, \u201cprimum non nocere\u201d o \u201cprimer no hacer da\u00f1o\u201d, ya que la Medicina ha de manejarse con cuidado, a veces es un arma de doble filo. Por tanto, soy muy cuidadosa en la elecci\u00f3n de las t\u00e9cnicas diagn\u00f3sticas o terap\u00e9uticas innecesariamente agresivas y siempre busco la soluci\u00f3n m\u00e1s inocua para cada caso. Me esfuerzo por ser resolutiva y no tengo alegr\u00eda profesional m\u00e1s grande que cuando una paciente me dice \u201cojal\u00e1 que me hubiera operado antes\u201d o que me recomienden a otras mujeres de su entorno.<\/p><p>En cuanto a los medicamentos, receto poco y procuro recomendar f\u00e1rmacos que los hayan utilizado muchas personas en todo el mundo, lo cual es un plus de seguridad y, si es posible, que sean econ\u00f3micos y con pocos efectos secundarios.<\/p><p>Durante la atenci\u00f3n al parto, prefiero evitar las ces\u00e1reas, siempre que el parto vaginal sea seguro tanto para el feto como para la madre.<\/p><p>Con respecto a las operaciones sobre el aparato genital, o las hago por laparoscopia o con incisiones m\u00ednimas abdominales, o por v\u00eda vaginal. Cada operaci\u00f3n se dise\u00f1a \u201ca medida\u201d, es decir, se escoge la mejor v\u00eda de acceso seg\u00fan las caracter\u00edsticas de cada enfermedad, cada paciente y se tienen en cuenta sus preferencias y valores. Por otra parte, en la cirug\u00eda oncol\u00f3gica prima m\u00e1s extirpar de ra\u00edz el tumor con un margen de tejido sano que las dimensiones de la cicatriz, pero tambi\u00e9n aqu\u00ed intentamos que haya las m\u00ednimas y con las menores repercusiones cosm\u00e9ticas. En consecuencia, a la gran mayor\u00eda de mujeres con c\u00e1ncer de mama les hacemos incisiones poco visibles, de forma que muchas quedan m\u00e1s contentas con el aspecto de la mama enferma y se quieren operar la sana para dejarlas a las dos igual de bien. Y es que bastante tienen con su diagn\u00f3stico de c\u00e1ncer de mama, como para que las dejemos con un pecho que no les permita lucir el escote o que pierda gran parte de su volumen.<\/p><\/div>\n\t\t\t\t\t\t\t<\/div>\n\t\t<\/div>\n\t\t\t\t\t\t<\/div>\n\t\t\t\t<\/div>\n\t\t\t\t\t<\/div>\n\t\t<\/div>\n\t\t\t\t\t<\/div>\n\t\t<\/section>\n\t\t\t\t<section class=\"elementor-section elementor-top-section elementor-element elementor-element-f5518c1 elementor-hidden-desktop elementor-hidden-tablet elementor-hidden-phone elementor-section-boxed elementor-section-height-default elementor-section-height-default\" data-id=\"f5518c1\" data-element_type=\"section\">\n\t\t\t\t\t\t<div class=\"elementor-container elementor-column-gap-default\">\n\t\t\t\t\t<div class=\"elementor-column elementor-col-100 elementor-top-column elementor-element elementor-element-fbee265\" data-id=\"fbee265\" data-element_type=\"column\">\n\t\t\t<div class=\"elementor-widget-wrap elementor-element-populated\">\n\t\t\t\t\t\t<div class=\"elementor-element elementor-element-3a521e6 elementor-widget elementor-widget-spacer\" data-id=\"3a521e6\" data-element_type=\"widget\" data-widget_type=\"spacer.default\">\n\t\t\t\t<div class=\"elementor-widget-container\">\n\t\t\t\t\t\t\t<div class=\"elementor-spacer\">\n\t\t\t<div class=\"elementor-spacer-inner\"><\/div>\n\t\t<\/div>\n\t\t\t\t\t\t<\/div>\n\t\t\t\t<\/div>\n\t\t\t\t<div class=\"elementor-element elementor-element-6476814 elementor-widget elementor-widget-heading\" data-id=\"6476814\" data-element_type=\"widget\" data-widget_type=\"heading.default\">\n\t\t\t\t<div class=\"elementor-widget-container\">\n\t\t\t\t\t<h2 class=\"elementor-heading-title elementor-size-default\">Sra. Aisa Niang, nutricionista <\/h2>\t\t\t\t<\/div>\n\t\t\t\t<\/div>\n\t\t\t\t<div class=\"elementor-element elementor-element-082b00a elementor-widget elementor-widget-spacer\" data-id=\"082b00a\" data-element_type=\"widget\" data-widget_type=\"spacer.default\">\n\t\t\t\t<div class=\"elementor-widget-container\">\n\t\t\t\t\t\t\t<div class=\"elementor-spacer\">\n\t\t\t<div class=\"elementor-spacer-inner\"><\/div>\n\t\t<\/div>\n\t\t\t\t\t\t<\/div>\n\t\t\t\t<\/div>\n\t\t\t\t\t<\/div>\n\t\t<\/div>\n\t\t\t\t\t<\/div>\n\t\t<\/section>\n\t\t\t\t<section class=\"elementor-section elementor-top-section elementor-element elementor-element-7fce6a1 elementor-hidden-desktop elementor-hidden-tablet elementor-hidden-phone elementor-section-boxed elementor-section-height-default elementor-section-height-default\" data-id=\"7fce6a1\" data-element_type=\"section\">\n\t\t\t\t\t\t<div class=\"elementor-container elementor-column-gap-default\">\n\t\t\t\t\t<div class=\"elementor-column elementor-col-100 elementor-top-column elementor-element elementor-element-ce6bc99\" data-id=\"ce6bc99\" data-element_type=\"column\">\n\t\t\t<div class=\"elementor-widget-wrap elementor-element-populated\">\n\t\t\t\t\t\t<div class=\"elementor-element elementor-element-470dabe cv elementor-tabs-view-horizontal elementor-widget elementor-widget-tabs\" data-id=\"470dabe\" data-element_type=\"widget\" data-widget_type=\"tabs.default\">\n\t\t\t\t<div class=\"elementor-widget-container\">\n\t\t\t\t\t\t\t<div class=\"elementor-tabs\">\n\t\t\t<div class=\"elementor-tabs-wrapper\" role=\"tablist\" >\n\t\t\t\t\t\t\t\t\t<div id=\"elementor-tab-title-7451\" class=\"elementor-tab-title elementor-tab-desktop-title\" aria-selected=\"true\" data-tab=\"1\" role=\"tab\" tabindex=\"0\" aria-controls=\"elementor-tab-content-7451\" aria-expanded=\"false\">En breu<\/div>\n\t\t\t\t\t\t\t<\/div>\n\t\t\t<div class=\"elementor-tabs-content-wrapper\" role=\"tablist\" aria-orientation=\"vertical\">\n\t\t\t\t\t\t\t\t\t<div class=\"elementor-tab-title elementor-tab-mobile-title\" aria-selected=\"true\" data-tab=\"1\" role=\"tab\" tabindex=\"0\" aria-controls=\"elementor-tab-content-7451\" aria-expanded=\"false\">En breu<\/div>\n\t\t\t\t\t<div id=\"elementor-tab-content-7451\" class=\"elementor-tab-content elementor-clearfix\" data-tab=\"1\" role=\"tabpanel\" aria-labelledby=\"elementor-tab-title-7451\" tabindex=\"0\" hidden=\"false\"><p><a href=\"https:\/\/www.doctoragibert.com\/wp-content\/uploads\/2023\/06\/Foto_Aisa.jpg\"><img decoding=\"async\" class=\"alignleft wp-image-21644 size-full\" src=\"https:\/\/www.doctoragibert.com\/wp-content\/uploads\/2023\/06\/Foto_Aisa.jpg\" alt=\"\" width=\"400\" height=\"533\"><\/a><\/p>\n<p>Me llamo Aisatou, pero me puedes llamar Aisa, nacida en Valencia y criada en Inca. Soy madre, compa\u00f1era de vida, y una enamorada de la salud femenina.<\/p>\n<p>Soy Graduada en Nutrici\u00f3n Humana y Diet\u00e9tica por la Universidad de Lleida, colegiada en el Colegio Oficial de Dietistas-Nutricionistas de les Illes Balears con el n\u00fam. 174.<\/p>\n<p>Te ayudo en aspectos diet\u00e9ticos y nutricionales para situaciones espec\u00edficas nuestras, como pueden ser la infertilidad, el embarazo, el s\u00edndrome del ovario poliqu\u00edstico (SOP), la endometriosis, la p\u00e9rdida de la menstruaci\u00f3n (amenorrea hipotal\u00e1mica funcional), la perimenopausia\/menopausia y, tambi\u00e9n, si s\u00f3lo quieres mejorar la composici\u00f3n corporal o la dieta. En estos casos, mi trabajo es conseguir que tengas una alimentaci\u00f3n acorde a ti y a tus circunstancias personales.<\/p>\n<p>\u00bfPara qu\u00e9? Mi prop\u00f3sito es ayudar a las mujeres a tener una salud m\u00e1s consciente, responsable y plena gracias a una alimentaci\u00f3n para nosotras. Para conseguirlo, os transmito que el autoconocimiento de nuestro cuerpo es necesario para empoderarnos y tomar acciones conscientes para mejorar la salud y la fertilidad.<\/p>\n<p>Desde la consulta de la Dra. Gibert, os ofrecemos asesor\u00eda nutricional a quienes est\u00e9is interesadas y, si sois pacientes de la Dra. Gibert, colaborar\u00e9 con ella para ofreceros una atenci\u00f3n integral y potenciar los resultados de sus tratamientos mediante mis conocimientos.<\/p><\/div>\n\t\t\t\t\t\t\t<\/div>\n\t\t<\/div>\n\t\t\t\t\t\t<\/div>\n\t\t\t\t<\/div>\n\t\t\t\t\t<\/div>\n\t\t<\/div>\n\t\t\t\t\t<\/div>\n\t\t<\/section>\n\t\t\t\t<section class=\"elementor-section elementor-top-section elementor-element elementor-element-a6c1d2e elementor-section-boxed elementor-section-height-default elementor-section-height-default\" data-id=\"a6c1d2e\" data-element_type=\"section\">\n\t\t\t\t\t\t<div class=\"elementor-container elementor-column-gap-default\">\n\t\t\t\t\t<div class=\"elementor-column elementor-col-100 elementor-top-column elementor-element elementor-element-402a202\" data-id=\"402a202\" data-element_type=\"column\">\n\t\t\t<div class=\"elementor-widget-wrap elementor-element-populated\">\n\t\t\t\t\t\t<div class=\"elementor-element elementor-element-a8f244a elementor-widget elementor-widget-spacer\" data-id=\"a8f244a\" data-element_type=\"widget\" data-widget_type=\"spacer.default\">\n\t\t\t\t<div class=\"elementor-widget-container\">\n\t\t\t\t\t\t\t<div class=\"elementor-spacer\">\n\t\t\t<div class=\"elementor-spacer-inner\"><\/div>\n\t\t<\/div>\n\t\t\t\t\t\t<\/div>\n\t\t\t\t<\/div>\n\t\t\t\t<div class=\"elementor-element elementor-element-e8b81e1 elementor-widget elementor-widget-spacer\" data-id=\"e8b81e1\" data-element_type=\"widget\" data-widget_type=\"spacer.default\">\n\t\t\t\t<div class=\"elementor-widget-container\">\n\t\t\t\t\t\t\t<div class=\"elementor-spacer\">\n\t\t\t<div class=\"elementor-spacer-inner\"><\/div>\n\t\t<\/div>\n\t\t\t\t\t\t<\/div>\n\t\t\t\t<\/div>\n\t\t\t\t<div class=\"elementor-element elementor-element-6a89ab3 elementor-widget elementor-widget-heading\" data-id=\"6a89ab3\" data-element_type=\"widget\" data-widget_type=\"heading.default\">\n\t\t\t\t<div class=\"elementor-widget-container\">\n\t\t\t\t\t<h2 class=\"elementor-heading-title elementor-size-default\">Recepci\u00f3n y consulta<\/h2>\t\t\t\t<\/div>\n\t\t\t\t<\/div>\n\t\t\t\t<div class=\"elementor-element elementor-element-439be1c elementor-widget-divider--view-line elementor-widget elementor-widget-divider\" data-id=\"439be1c\" data-element_type=\"widget\" data-widget_type=\"divider.default\">\n\t\t\t\t<div class=\"elementor-widget-container\">\n\t\t\t\t\t\t\t<div class=\"elementor-divider\">\n\t\t\t<span class=\"elementor-divider-separator\">\n\t\t\t\t\t\t<\/span>\n\t\t<\/div>\n\t\t\t\t\t\t<\/div>\n\t\t\t\t<\/div>\n\t\t\t\t\t<\/div>\n\t\t<\/div>\n\t\t\t\t\t<\/div>\n\t\t<\/section>\n\t\t\t\t<section class=\"elementor-section elementor-top-section elementor-element elementor-element-cca2dc8 elementor-section-boxed elementor-section-height-default elementor-section-height-default\" data-id=\"cca2dc8\" data-element_type=\"section\">\n\t\t\t\t\t\t<div class=\"elementor-container elementor-column-gap-default\">\n\t\t\t\t\t<div class=\"elementor-column elementor-col-50 elementor-top-column elementor-element elementor-element-c6f7ba9\" data-id=\"c6f7ba9\" data-element_type=\"column\">\n\t\t\t<div class=\"elementor-widget-wrap elementor-element-populated\">\n\t\t\t\t\t\t<div class=\"elementor-element elementor-element-c0047b3 elementor-widget elementor-widget-heading\" data-id=\"c0047b3\" data-element_type=\"widget\" data-widget_type=\"heading.default\">\n\t\t\t\t<div class=\"elementor-widget-container\">\n\t\t\t\t\t<h2 class=\"elementor-heading-title elementor-size-default\">Sra. Silvia Ramis<\/h2>\t\t\t\t<\/div>\n\t\t\t\t<\/div>\n\t\t\t\t<div class=\"elementor-element elementor-element-8af53f7 elementor-widget elementor-widget-text-editor\" data-id=\"8af53f7\" data-element_type=\"widget\" data-widget_type=\"text-editor.default\">\n\t\t\t\t<div class=\"elementor-widget-container\">\n\t\t\t\t\t\t\t\t\t<p><a href=\"https:\/\/www.doctoragibert.com\/wp-content\/uploads\/2021\/02\/silvia-ramis.jpg\"><img decoding=\"async\" class=\"alignleft size-medium wp-image-11741\" src=\"https:\/\/www.doctoragibert.com\/wp-content\/uploads\/2021\/02\/silvia-ramis-225x300.jpg\" alt=\"\" width=\"225\" height=\"300\" srcset=\"https:\/\/www.doctoragibert.com\/wp-content\/uploads\/2021\/02\/silvia-ramis-225x300.jpg 225w, https:\/\/www.doctoragibert.com\/wp-content\/uploads\/2021\/02\/silvia-ramis-200x267.jpg 200w, https:\/\/www.doctoragibert.com\/wp-content\/uploads\/2021\/02\/silvia-ramis-400x533.jpg 400w, https:\/\/www.doctoragibert.com\/wp-content\/uploads\/2021\/02\/silvia-ramis-600x800.jpg 600w, https:\/\/www.doctoragibert.com\/wp-content\/uploads\/2021\/02\/silvia-ramis.jpg 640w\" sizes=\"(max-width: 225px) 100vw, 225px\" \/><\/a>Nac\u00ed en 1985, en Sant Jordi y desde ni\u00f1a me atrajo el mundo de la sanidad.<\/p><p>Con 20 a\u00f1os tuve mi primer trabajo como celadora del Servei de Salut auton\u00f3mico. All\u00ed me di cuenta de que el contacto m\u00e1s directo con los pacientes se adaptaba mejor a mi forma de ser. Por ello, aprovech\u00e9 la oportunidad laboral que se me present\u00f3 al inicio de la nueva Cl\u00ednica Palmaplanas de Cam\u00ed dels Reis (hoy Hospital Quir\u00f3nsalud Palmaplanas). All\u00ed trabaj\u00e9 durante casi 10 a\u00f1os, los \u00faltimos de los cuales transcurrieron en las consultas de Ginecolog\u00eda del mencionado centro. Gracias a ello, aprend\u00ed mucho sobre el manejo de afecciones espec\u00edficas de las mujeres. Y la vida, que da muchas vueltas, me hizo coincidir con la Dra. Gibert y, entre las dos, pusimos en marcha la nueva consulta dentro de las instalaciones del Instituto de Fertilidad.<\/p><p>Me intento poner en la piel de la mujer que tiene un problema de salud y me considero bastante resolutiva. Para ser efectiva en mi Trabajo he tenido que formarme como auxiliar de Enfermer\u00eda, en Ofim\u00e1tica y en historias cl\u00ednicas informatizadas, as\u00ed como en contabilidad.<\/p>\t\t\t\t\t\t\t\t<\/div>\n\t\t\t\t<\/div>\n\t\t\t\t\t<\/div>\n\t\t<\/div>\n\t\t\t\t<div class=\"elementor-column elementor-col-50 elementor-top-column elementor-element elementor-element-869bdd1\" data-id=\"869bdd1\" data-element_type=\"column\">\n\t\t\t<div class=\"elementor-widget-wrap elementor-element-populated\">\n\t\t\t\t\t\t<div class=\"elementor-element elementor-element-c603844 elementor-widget elementor-widget-heading\" data-id=\"c603844\" data-element_type=\"widget\" data-widget_type=\"heading.default\">\n\t\t\t\t<div class=\"elementor-widget-container\">\n\t\t\t\t\t<h2 class=\"elementor-heading-title elementor-size-default\">Sra. M\u00f3nica Fajardo<\/h2>\t\t\t\t<\/div>\n\t\t\t\t<\/div>\n\t\t\t\t<div class=\"elementor-element elementor-element-e17d786 elementor-widget elementor-widget-text-editor\" data-id=\"e17d786\" data-element_type=\"widget\" data-widget_type=\"text-editor.default\">\n\t\t\t\t<div class=\"elementor-widget-container\">\n\t\t\t\t\t\t\t\t\t<p><a href=\"https:\/\/www.doctoragibert.com\/wp-content\/uploads\/2021\/02\/monica-fajardo.jpg\"><img loading=\"lazy\" decoding=\"async\" class=\"alignleft size-medium wp-image-11744\" src=\"https:\/\/www.doctoragibert.com\/wp-content\/uploads\/2021\/02\/monica-fajardo-225x300.jpg\" alt=\"\" width=\"225\" height=\"300\" srcset=\"https:\/\/www.doctoragibert.com\/wp-content\/uploads\/2021\/02\/monica-fajardo-225x300.jpg 225w, https:\/\/www.doctoragibert.com\/wp-content\/uploads\/2021\/02\/monica-fajardo-200x267.jpg 200w, https:\/\/www.doctoragibert.com\/wp-content\/uploads\/2021\/02\/monica-fajardo-400x533.jpg 400w, https:\/\/www.doctoragibert.com\/wp-content\/uploads\/2021\/02\/monica-fajardo-600x800.jpg 600w, https:\/\/www.doctoragibert.com\/wp-content\/uploads\/2021\/02\/monica-fajardo.jpg 640w\" sizes=\"(max-width: 225px) 100vw, 225px\" \/><\/a>Nac\u00ed en 1988 en Palma. Me gustan mucho los mundos de la sanidad y de la moda, aunque no tengan mucho que ver entre ellos. As\u00ed, aunque he pasado unos a\u00f1os de mi vida trabajando para la gran empresa de la moda Inditex, la mayor parte del tiempo he trabajado en consultas m\u00e9dicas de Alergia, Medicina Est\u00e9tica y sobre todo de Ginecolog\u00eda.<\/p><p>Durante casi 7 a\u00f1os, me pod\u00edais encontrar en el mostrador de las consultas de Ginecolog\u00eda del Hospital Quir\u00f3nsalud Palmaplanas. Atend\u00eda al p\u00fablico presencialmente y por tel\u00e9fono, agendaba las visites para 12 ginec\u00f3logos, su programaci\u00f3n quir\u00fargica y gestionaba cartas y documentos sanitarios&#8230; Pero las circunstancias me llevaron por otros derroteros y la vida me regal\u00f3 la maternidad.<\/p><p>Ahora es el momento de retomar la vida laboral y estoy segura de que mis experiencias previas me ayudar\u00e1n a atenderos mejor. Ya hab\u00eda trabajado puntualmente en la consulta de la Dra. Gibert, y volvemos a estar juntas, desde agosto de 2020, adapt\u00e1ndome al nuevo programa de historia cl\u00ednica y aplicando todo lo que llevo aprendido.<\/p>\t\t\t\t\t\t\t\t<\/div>\n\t\t\t\t<\/div>\n\t\t\t\t\t<\/div>\n\t\t<\/div>\n\t\t\t\t\t<\/div>\n\t\t<\/section>\n\t\t\t\t<section class=\"elementor-section elementor-top-section elementor-element elementor-element-610f6c6 elementor-section-boxed elementor-section-height-default elementor-section-height-default\" data-id=\"610f6c6\" data-element_type=\"section\">\n\t\t\t\t\t\t<div class=\"elementor-container elementor-column-gap-default\">\n\t\t\t\t\t<div class=\"elementor-column elementor-col-100 elementor-top-column elementor-element elementor-element-4cc710a\" data-id=\"4cc710a\" data-element_type=\"column\">\n\t\t\t<div class=\"elementor-widget-wrap elementor-element-populated\">\n\t\t\t\t\t\t<div class=\"elementor-element elementor-element-b938772 elementor-widget elementor-widget-spacer\" data-id=\"b938772\" data-element_type=\"widget\" data-widget_type=\"spacer.default\">\n\t\t\t\t<div class=\"elementor-widget-container\">\n\t\t\t\t\t\t\t<div class=\"elementor-spacer\">\n\t\t\t<div class=\"elementor-spacer-inner\"><\/div>\n\t\t<\/div>\n\t\t\t\t\t\t<\/div>\n\t\t\t\t<\/div>\n\t\t\t\t<div class=\"elementor-element elementor-element-427ad62 elementor-widget elementor-widget-spacer\" data-id=\"427ad62\" data-element_type=\"widget\" data-widget_type=\"spacer.default\">\n\t\t\t\t<div class=\"elementor-widget-container\">\n\t\t\t\t\t\t\t<div class=\"elementor-spacer\">\n\t\t\t<div class=\"elementor-spacer-inner\"><\/div>\n\t\t<\/div>\n\t\t\t\t\t\t<\/div>\n\t\t\t\t<\/div>\n\t\t\t\t<div class=\"elementor-element elementor-element-2c4189b elementor-widget elementor-widget-heading\" data-id=\"2c4189b\" data-element_type=\"widget\" data-widget_type=\"heading.default\">\n\t\t\t\t<div class=\"elementor-widget-container\">\n\t\t\t\t\t<h2 class=\"elementor-heading-title elementor-size-default\">Asesor jur\u00eddico<\/h2>\t\t\t\t<\/div>\n\t\t\t\t<\/div>\n\t\t\t\t<div class=\"elementor-element elementor-element-4b2a87b elementor-widget-divider--view-line elementor-widget elementor-widget-divider\" data-id=\"4b2a87b\" data-element_type=\"widget\" data-widget_type=\"divider.default\">\n\t\t\t\t<div class=\"elementor-widget-container\">\n\t\t\t\t\t\t\t<div class=\"elementor-divider\">\n\t\t\t<span class=\"elementor-divider-separator\">\n\t\t\t\t\t\t<\/span>\n\t\t<\/div>\n\t\t\t\t\t\t<\/div>\n\t\t\t\t<\/div>\n\t\t\t\t\t<\/div>\n\t\t<\/div>\n\t\t\t\t\t<\/div>\n\t\t<\/section>\n\t\t\t\t<section class=\"elementor-section elementor-top-section elementor-element elementor-element-1531444 elementor-section-boxed elementor-section-height-default elementor-section-height-default\" data-id=\"1531444\" data-element_type=\"section\">\n\t\t\t\t\t\t<div class=\"elementor-container elementor-column-gap-default\">\n\t\t\t\t\t<div class=\"elementor-column elementor-col-100 elementor-top-column elementor-element elementor-element-1dfd363\" data-id=\"1dfd363\" data-element_type=\"column\">\n\t\t\t<div class=\"elementor-widget-wrap elementor-element-populated\">\n\t\t\t\t\t\t<div class=\"elementor-element elementor-element-3ea52a6 elementor-widget elementor-widget-heading\" data-id=\"3ea52a6\" data-element_type=\"widget\" data-widget_type=\"heading.default\">\n\t\t\t\t<div class=\"elementor-widget-container\">\n\t\t\t\t\t<h2 class=\"elementor-heading-title elementor-size-default\">Sr. Joan Evangelista Segura<\/h2>\t\t\t\t<\/div>\n\t\t\t\t<\/div>\n\t\t\t\t<div class=\"elementor-element elementor-element-1c1e867 elementor-widget elementor-widget-text-editor\" data-id=\"1c1e867\" data-element_type=\"widget\" data-widget_type=\"text-editor.default\">\n\t\t\t\t<div class=\"elementor-widget-container\">\n\t\t\t\t\t\t\t\t\t<p><a href=\"https:\/\/www.doctoragibert.com\/wp-content\/uploads\/2021\/02\/joan-evangelista-segura.jpg\"><img loading=\"lazy\" decoding=\"async\" class=\"alignleft size-medium wp-image-11747\" src=\"https:\/\/www.doctoragibert.com\/wp-content\/uploads\/2021\/02\/joan-evangelista-segura-200x300.jpg\" alt=\"\" width=\"200\" height=\"300\" srcset=\"https:\/\/www.doctoragibert.com\/wp-content\/uploads\/2021\/02\/joan-evangelista-segura-200x300.jpg 200w, https:\/\/www.doctoragibert.com\/wp-content\/uploads\/2021\/02\/joan-evangelista-segura-400x599.jpg 400w, https:\/\/www.doctoragibert.com\/wp-content\/uploads\/2021\/02\/joan-evangelista-segura-600x899.jpg 600w, https:\/\/www.doctoragibert.com\/wp-content\/uploads\/2021\/02\/joan-evangelista-segura.jpg 640w\" sizes=\"(max-width: 200px) 100vw, 200px\" \/><\/a>Soy abogado desde 1985 y pertenezco al Ilustre Colegio de Abogados de Baleares.<\/p><p>Desde los inicios me he dedicado al ejercicio de la profesi\u00f3n, actuando ante los juzgados y tribunales de Baleares, as\u00ed como ante la Audiencia Nacional, Tribunal Supremo y Tribunal Constitucional.<\/p><p>He considerado indispensable la formaci\u00f3n continua para estar al d\u00eda de todas aquellas ramas jur\u00eddicas a las que me dedico. Los continuos cambios legislativos exigen una puesta al d\u00eda constante para ofrecer un servicio profesional de calidad.<\/p><p>Tambi\u00e9n estoy interesado en la mediaci\u00f3n, contando con la formaci\u00f3n necesaria para actuar en calidad de mediador en materias civil y mercantil.<\/p><p>A trav\u00e9s de la mediaci\u00f3n, son las propias partes las que tratan de obtener una soluci\u00f3n al conflicto existente entre las mismas, acompa\u00f1adas del mediador.<\/p><p>En la consulta de la Dra. Gibert ejerzo de apoyo log\u00edstico, colaborando con el cumplimiento de las leyes vigentes en materia de informaci\u00f3n para las pacientes, protecci\u00f3n de datos, redacci\u00f3n de contratos y asesor\u00eda jur\u00eddica general.<br \/>Si les interesa conocer mi curr\u00edculum, no duden en consultar <a href=\"https:\/\/www.linkedin.com\/in\/juanseguraabogadomallorca\" target=\"_blank\" rel=\"noopener\">LinkedIn<\/a>. Tambi\u00e9n pueden contactar directamente conmigo, a trav\u00e9s de la <a href=\"https:\/\/bufetejuansegura.com\/\" target=\"_blank\" rel=\"noopener\">web de mi despacho<\/a>.<\/p>\t\t\t\t\t\t\t\t<\/div>\n\t\t\t\t<\/div>\n\t\t\t\t\t<\/div>\n\t\t<\/div>\n\t\t\t\t\t<\/div>\n\t\t<\/section>\n\t\t\t\t<\/div>\n\t\t","protected":false},"excerpt":{"rendered":"<p>\u00bfQui\u00e9nes somos? Dra. Maria Josep Gibert En breve Curr\u00edculum Vitae Filosof\u00eda asistencial En breve Soy una m\u00e9dica vocacional que nac\u00ed en Palma de Mallorca, en 1967 y estoy orgullosa tanto de mi profesi\u00f3n como de haber nacido en la isla. Mi relaci\u00f3n con la Ginecolog\u00eda no fue un \u201cflechazo\u201d, pero pienso que eleg\u00ed bien, puesto [&hellip;]<\/p>\n","protected":false},"author":12,"featured_media":0,"parent":0,"menu_order":0,"comment_status":"closed","ping_status":"closed","template":"elementor_header_footer","meta":{"footnotes":""},"class_list":["post-14953","page","type-page","status-publish","hentry"],"yoast_head":"<!-- This site is optimized with the Yoast SEO plugin v25.0 - https:\/\/yoast.com\/wordpress\/plugins\/seo\/ -->\n<title>DOCTORA MJ GIBERT, Ginec\u00f3loga y obstetra en Mallorca<\/title>\n<meta name=\"description\" content=\"Ginecologia general, diagn\u00f3stico prenatal, reproducci\u00f3n asistida, c\u00e1ncer ginecol\u00f3gic. Cirugia abierta, endoscopia, laparoscopia, histeroscopia y de mama.\" \/>\n<meta name=\"robots\" content=\"index, follow, max-snippet:-1, max-image-preview:large, max-video-preview:-1\" \/>\n<link rel=\"canonical\" href=\"https:\/\/www.doctoragibert.com\/es\/quienes-somos\/\" \/>\n<meta property=\"og:locale\" content=\"es_ES\" \/>\n<meta property=\"og:type\" content=\"article\" \/>\n<meta property=\"og:title\" content=\"DOCTORA MJ GIBERT, Ginec\u00f3loga y obstetra en Mallorca\" \/>\n<meta property=\"og:description\" content=\"Ginecologia general, diagn\u00f3stico prenatal, reproducci\u00f3n asistida, c\u00e1ncer ginecol\u00f3gic. Cirugia abierta, endoscopia, laparoscopia, histeroscopia y de mama.\" \/>\n<meta property=\"og:url\" content=\"https:\/\/www.doctoragibert.com\/es\/quienes-somos\/\" \/>\n<meta property=\"og:site_name\" content=\"DRA. GIBERT\" \/>\n<meta property=\"article:publisher\" content=\"https:\/\/www.facebook.com\/doctoragibert\" \/>\n<meta property=\"article:modified_time\" content=\"2024-04-29T15:33:16+00:00\" \/>\n<meta property=\"og:image\" content=\"https:\/\/www.doctoragibert.com\/wp-content\/uploads\/2020\/09\/doctora-gibert.jpg\" \/>\n<meta name=\"twitter:label1\" content=\"Tiempo de lectura\" \/>\n\t<meta name=\"twitter:data1\" content=\"10 minutos\" \/>\n<script type=\"application\/ld+json\" class=\"yoast-schema-graph\">{\"@context\":\"https:\/\/schema.org\",\"@graph\":[{\"@type\":\"WebPage\",\"@id\":\"https:\/\/www.doctoragibert.com\/es\/quienes-somos\/\",\"url\":\"https:\/\/www.doctoragibert.com\/es\/quienes-somos\/\",\"name\":\"DOCTORA MJ GIBERT, Ginec\u00f3loga y obstetra en Mallorca\",\"isPartOf\":{\"@id\":\"https:\/\/www.doctoragibert.com\/es\/#website\"},\"primaryImageOfPage\":{\"@id\":\"https:\/\/www.doctoragibert.com\/es\/quienes-somos\/#primaryimage\"},\"image\":{\"@id\":\"https:\/\/www.doctoragibert.com\/es\/quienes-somos\/#primaryimage\"},\"thumbnailUrl\":\"https:\/\/www.doctoragibert.com\/wp-content\/uploads\/2020\/09\/doctora-gibert.jpg\",\"datePublished\":\"2015-03-26T11:42:20+00:00\",\"dateModified\":\"2024-04-29T15:33:16+00:00\",\"description\":\"Ginecologia general, diagn\u00f3stico prenatal, reproducci\u00f3n asistida, c\u00e1ncer ginecol\u00f3gic. Cirugia abierta, endoscopia, laparoscopia, histeroscopia y de mama.\",\"inLanguage\":\"es\",\"potentialAction\":[{\"@type\":\"ReadAction\",\"target\":[\"https:\/\/www.doctoragibert.com\/es\/quienes-somos\/\"]}]},{\"@type\":\"ImageObject\",\"inLanguage\":\"es\",\"@id\":\"https:\/\/www.doctoragibert.com\/es\/quienes-somos\/#primaryimage\",\"url\":\"https:\/\/www.doctoragibert.com\/wp-content\/uploads\/2020\/09\/doctora-gibert.jpg\",\"contentUrl\":\"https:\/\/www.doctoragibert.com\/wp-content\/uploads\/2020\/09\/doctora-gibert.jpg\"},{\"@type\":\"WebSite\",\"@id\":\"https:\/\/www.doctoragibert.com\/es\/#website\",\"url\":\"https:\/\/www.doctoragibert.com\/es\/\",\"name\":\"DRA. GIBERT\",\"description\":\"Ginecologia i obstetricia\",\"potentialAction\":[{\"@type\":\"SearchAction\",\"target\":{\"@type\":\"EntryPoint\",\"urlTemplate\":\"https:\/\/www.doctoragibert.com\/es\/?s={search_term_string}\"},\"query-input\":{\"@type\":\"PropertyValueSpecification\",\"valueRequired\":true,\"valueName\":\"search_term_string\"}}],\"inLanguage\":\"es\"}]}<\/script>\n<!-- \/ Yoast SEO plugin. -->","yoast_head_json":{"title":"DOCTORA MJ GIBERT, Ginec\u00f3loga y obstetra en Mallorca","description":"Ginecologia general, diagn\u00f3stico prenatal, reproducci\u00f3n asistida, c\u00e1ncer ginecol\u00f3gic. Cirugia abierta, endoscopia, laparoscopia, histeroscopia y de mama.","robots":{"index":"index","follow":"follow","max-snippet":"max-snippet:-1","max-image-preview":"max-image-preview:large","max-video-preview":"max-video-preview:-1"},"canonical":"https:\/\/www.doctoragibert.com\/es\/quienes-somos\/","og_locale":"es_ES","og_type":"article","og_title":"DOCTORA MJ GIBERT, Ginec\u00f3loga y obstetra en Mallorca","og_description":"Ginecologia general, diagn\u00f3stico prenatal, reproducci\u00f3n asistida, c\u00e1ncer ginecol\u00f3gic. Cirugia abierta, endoscopia, laparoscopia, histeroscopia y de mama.","og_url":"https:\/\/www.doctoragibert.com\/es\/quienes-somos\/","og_site_name":"DRA. GIBERT","article_publisher":"https:\/\/www.facebook.com\/doctoragibert","article_modified_time":"2024-04-29T15:33:16+00:00","og_image":[{"url":"https:\/\/www.doctoragibert.com\/wp-content\/uploads\/2020\/09\/doctora-gibert.jpg","type":"","width":"","height":""}],"twitter_misc":{"Tiempo de lectura":"10 minutos"},"schema":{"@context":"https:\/\/schema.org","@graph":[{"@type":"WebPage","@id":"https:\/\/www.doctoragibert.com\/es\/quienes-somos\/","url":"https:\/\/www.doctoragibert.com\/es\/quienes-somos\/","name":"DOCTORA MJ GIBERT, Ginec\u00f3loga y obstetra en Mallorca","isPartOf":{"@id":"https:\/\/www.doctoragibert.com\/es\/#website"},"primaryImageOfPage":{"@id":"https:\/\/www.doctoragibert.com\/es\/quienes-somos\/#primaryimage"},"image":{"@id":"https:\/\/www.doctoragibert.com\/es\/quienes-somos\/#primaryimage"},"thumbnailUrl":"https:\/\/www.doctoragibert.com\/wp-content\/uploads\/2020\/09\/doctora-gibert.jpg","datePublished":"2015-03-26T11:42:20+00:00","dateModified":"2024-04-29T15:33:16+00:00","description":"Ginecologia general, diagn\u00f3stico prenatal, reproducci\u00f3n asistida, c\u00e1ncer ginecol\u00f3gic. Cirugia abierta, endoscopia, laparoscopia, histeroscopia y de mama.","inLanguage":"es","potentialAction":[{"@type":"ReadAction","target":["https:\/\/www.doctoragibert.com\/es\/quienes-somos\/"]}]},{"@type":"ImageObject","inLanguage":"es","@id":"https:\/\/www.doctoragibert.com\/es\/quienes-somos\/#primaryimage","url":"https:\/\/www.doctoragibert.com\/wp-content\/uploads\/2020\/09\/doctora-gibert.jpg","contentUrl":"https:\/\/www.doctoragibert.com\/wp-content\/uploads\/2020\/09\/doctora-gibert.jpg"},{"@type":"WebSite","@id":"https:\/\/www.doctoragibert.com\/es\/#website","url":"https:\/\/www.doctoragibert.com\/es\/","name":"DRA. GIBERT","description":"Ginecologia i obstetricia","potentialAction":[{"@type":"SearchAction","target":{"@type":"EntryPoint","urlTemplate":"https:\/\/www.doctoragibert.com\/es\/?s={search_term_string}"},"query-input":{"@type":"PropertyValueSpecification","valueRequired":true,"valueName":"search_term_string"}}],"inLanguage":"es"}]}},"_links":{"self":[{"href":"https:\/\/www.doctoragibert.com\/es\/wp-json\/wp\/v2\/pages\/14953","targetHints":{"allow":["GET"]}}],"collection":[{"href":"https:\/\/www.doctoragibert.com\/es\/wp-json\/wp\/v2\/pages"}],"about":[{"href":"https:\/\/www.doctoragibert.com\/es\/wp-json\/wp\/v2\/types\/page"}],"author":[{"embeddable":true,"href":"https:\/\/www.doctoragibert.com\/es\/wp-json\/wp\/v2\/users\/12"}],"replies":[{"embeddable":true,"href":"https:\/\/www.doctoragibert.com\/es\/wp-json\/wp\/v2\/comments?post=14953"}],"version-history":[{"count":5,"href":"https:\/\/www.doctoragibert.com\/es\/wp-json\/wp\/v2\/pages\/14953\/revisions"}],"predecessor-version":[{"id":22432,"href":"https:\/\/www.doctoragibert.com\/es\/wp-json\/wp\/v2\/pages\/14953\/revisions\/22432"}],"wp:attachment":[{"href":"https:\/\/www.doctoragibert.com\/es\/wp-json\/wp\/v2\/media?parent=14953"}],"curies":[{"name":"wp","href":"https:\/\/api.w.org\/{rel}","templated":true}]}}