{"id":17492,"date":"2021-09-03T12:13:27","date_gmt":"2021-09-03T12:13:27","guid":{"rendered":"https:\/\/www.doctoragibert.com\/?page_id=17492"},"modified":"2022-11-26T22:24:48","modified_gmt":"2022-11-26T22:24:48","slug":"vacunas-contra-covid-19","status":"publish","type":"page","link":"https:\/\/www.doctoragibert.com\/es\/pacientes\/embarazo-y-parto\/vacunas-contra-covid-19\/","title":{"rendered":"VACUNAS CONTRA LA COVID-19: \u00bfc\u00f3mo funcionan?, \u00bfqu\u00e9 sabemos de ellas?, \u00bfson seguras para embarazadas y para madres lactantes?"},"content":{"rendered":"<p><em>Autora:<\/em>\u00a0Dra. MJ Gibert.<br \/>\n<em>Fecha de actualizaci\u00f3n: <\/em>26\/11\/22 .<br \/>\n<em>Fecha de versiones previas:<\/em> 28\/2\/21, 26\/6\/21, 31\/7\/21, 4\/9\/21, 8\/1\/22, 18\/1\/22.<\/p>\n<p>Para tratar un tema del que se ha hablado y a\u00fan se hablar\u00e1 tanto como \u00e9ste, creo que lo mejor es seguir el sistema pregunta-respuesta. As\u00ed, podr\u00e9is ir localizando bajo los titulares lo que m\u00e1s os interese. Hay muchos hiperv\u00ednculos y muchas referencias a informes y trabajos cient\u00edficos. Se los dedico a los m\u00e1s esc\u00e9pticos, puesto que las vacunas pueden ser mejores o peores, pero trabajo de trastienda hay mucho, y, aparentemente, es riguroso.<\/p>\n<p>&nbsp;<\/p>\n<h3><span style=\"color: #008080;\">\u00bfPOR QU\u00c9 DEBER\u00cdA VACUNARME?<\/span><\/h3>\n<p><strong>La pertinencia de la vacunaci\u00f3n contra la COVID-19 se basa en la reducci\u00f3n de casos nuevos y, sobre todo, de mortalidad. <\/strong>A finales de este verano, <strong>se atribu\u00edan 15 millones de muertes a la pandemia y se calulaba que la vacuna hab\u00eda ahorrado 20 millones.<\/strong> Es evidente que todo son c\u00e1lculos y que puede ser dif\u00edcil dilucidar si una muerte de una persona con muchas enfermedades y, adem\u00e1s, con COVID-19 se puede imputar a la infecci\u00f3n o no. Otro obst\u00e1culo es que los pa\u00edses en v\u00edas de desarrollo tienen problemas de recuento de su mortalidad. Aun as\u00ed, la pandemia actual no tiene nada que ver con la gripe de 1918, que parece que mat\u00f3 a unos 40 millones de personas, mientras que la poblaci\u00f3n mundial era una cuarta parte de la actual.<\/p>\n<p>Seg\u00fan pod\u00e9is comprobar en el <a href=\"https:\/\/www.ft.com\/content\/a2901ce8-5eb7-4633-b89c-cbdf5b386938\" target=\"_blank\" rel=\"noopener\">gr\u00e1fico adjunto<\/a>, que se actualiza diariamente, <strong>la mortalidad mundial asociada a la infecci\u00f3n por el coronavirus es actualmente inferior a 1.500 muertes diarias<\/strong>, cuando en enero de 2021 era 10 veces superior.<\/p>\n<p><img fetchpriority=\"high\" decoding=\"async\" class=\"alignright size-full wp-image-21048\" src=\"https:\/\/www.doctoragibert.com\/wp-content\/uploads\/2022\/11\/Covid_19_xifres_mundials_26-11-22.jpg\" alt=\"\" width=\"1189\" height=\"748\" \/><\/p>\n<p>Llegados a este punto, podemos confirmar que <strong>la COVID-19 empieza a comportarse como una gripe m\u00e1s,<\/strong> ya que el n\u00famero de casos letales es similar al causado por la gripe, mientras que el virus de la inmunodeficiencia humana se cobra unas 1.800 v\u00edctimas anuales y la tuberculosis unas 4.000. Estas cifras nos parecen extra\u00f1anmente altas, porque en nuestro entorno hay poca tuberculosis y poco SIDA, enfermedades mucho m\u00e1s frecuentes en el mundo m\u00e1s empobrecido.<\/p>\n<p>Tambi\u00e9n, si observamos <a href=\"https:\/\/www.mscbs.gob.es\/profesionales\/saludPublica\/ccayes\/alertasActual\/nCov\/situacionActual.htm\" target=\"_blank\" rel=\"noopener\">los datos oficiales del Ministerio de Sanidad Espa\u00f1ol<\/a>, es f\u00e1cil ver que hay una menor proporci\u00f3n de hospitalizaciones y defunciones que en otras oleadas de la pandemia, a pesar de los muchos contagios por la variante \u00f3micron.<\/p>\n<p>Lo que a\u00fan <strong>no hemos conseguido es igualar la prevenci\u00f3n de la gripe i la de la COVID-19,<\/strong> porque no hace falta vacunarse tanto contra la gripe como contra el coronavirus.<\/p>\n<p><strong>Espa\u00f1a, uno de los pa\u00edses m\u00e1s vacunados del mundo<\/strong>, con m\u00e1s del 85% de su poblaci\u00f3n que ha recibido dos dosis, tiene un gobierno que no sigue recomendando que nos vacunemos m\u00e1s. Los mayores de 60 a\u00f1os, las personas con enfermedades que deprimen el sistema inmune, las embarazadas, el personal de centros sanitarios y sociosanitarios hemos sido convocados a recibir una dosis adicional que, en muchos casos, ya es la cuarta, es decir, \u00a1cuatro vacunas administradas a lo largo de un a\u00f1o y medio!<\/p>\n<p><strong>Si bien vacunarse es una acto individual con repercusi\u00f3n colectiva, <\/strong> ya que no s\u00f3lo nos protegemos a nosotros sino tambi\u00e9n a los pacientes, familiares, amigos y compa\u00f1eros, hay que admitir que el virus planta cara a la vacuna bastante bien. As\u00ed, la capacidad viral de multiplicarse ha aumentado unaas 10 veces desde que apareci\u00f3 la vacuna y <strong>ello hace que gente que ya ha pasado la enfermedad y\/o que ya se ha vacunado la vuelva a padecer<\/strong>. En otras palabras, el virus cada vez se contagia mejora aunque, por suerte, la enfermedad que produce es m\u00e1s leve. La mala noticia es que la evoluci\u00f3n viral ha hecho que los anticuerpos, tanto los inducidos por las vacunas como los administrados en forma de medicamento a los infectados hospitalizados, hayan disminuido su protecci\u00f3n.<\/p>\n<p><strong>Los retos de la vacunaci\u00f3n son, pues, mejorar la vacuna y hacerla accesible a todo el mundo.<\/strong> Si la mejoramos, la respuesta en forma de anticuerpos ser\u00e1 m\u00e1s duradera. Recordemos que los anticuerpos son los que paran la propagaci\u00f3n del virus y, por tanto, la posibilidad de que mute y se haga m\u00e1s resistente. El segundo reto es que se vacunen los residentes de los pa\u00edses pobres, visto que las mutaciones virales surgen donde hay m\u00e1s infecciones, esto es, en los pa\u00edses del sur y del este. De hecho, los virus m\u00e1s frecuentes actualmente, los linajes de \u00f3micron BA.4 y BA.5 se identificaron por primera vez en Sud\u00e1frica, pa\u00eds con s\u00f3lo el 37% de la poblaci\u00f3n que ha recibido s\u00f3lo una dosis. Por tanto, <strong>la solidaridad entre pa\u00edses no es s\u00f3lo una cuesti\u00f3n moral, sino pr\u00e1ctica.<\/strong><\/p>\n<p>Como que nuestra web es de Ginecolog\u00eda, primero os explicaremos algunos datos que permitan comprender las vacunas y, a continuaci\u00f3n, trataremos <strong>su uso en gestantes, madres lactantes, de ni\u00f1os peque\u00f1os y mujeres que esperan quedarse embarazadas muy pronto.<\/strong><\/p>\n<p>&nbsp;<\/p>\n<blockquote>\n<hr \/>\n<h1 style=\"text-align: center;\"><span style=\"color: #008080;\">La vacunaci\u00f3n y las medidas de distancia social son un acto de responsabilidad individual con repercusi\u00f3n colectiva<\/span><\/h1>\n<hr \/>\n<\/blockquote>\n<p><strong>\u00a0<\/strong><\/p>\n<h3><span style=\"color: #008080;\">LOS VIRUS<\/span><\/h3>\n<p data-speechify-sentence=\"\">Las <strong>personas<\/strong> estamos compuestas de billones de c\u00e9lulas que act\u00faan de modo coordinado, pero \u00e9stas sufren un gran desgaste derivado de la interacci\u00f3n con nuestro entorno. Como resultado, nuestro cuerpo renueva sus c\u00e9lulas con denuedo, sobre todo las m\u00e1s expuestas a la fricci\u00f3n, esto es, las de los epitelios que recubren la piel y nuestros conductos (respiratorio y digestivo). La regeneraci\u00f3n celular se lleva a cabo mediante su multiplicaci\u00f3n o mitosis. Durante \u00e9sta, el material gen\u00e9tico se transfiere a las nuevas c\u00e9lulas. Este material es el ADN (\u00e1cido desoxirribonucleico) que se condensa en unos paquetes llamados cromosomas. El ADN se usa como molde para producir el ARN (\u00e1cido ribonucleico) y, a partir de \u00e9ste, se forman las prote\u00ednas. Estas \u00faltimas tanto pueden ser el armaz\u00f3n que da forma a las c\u00e9lulas, como contener las instrucciones para que cada c\u00e9lula realice su funci\u00f3n y, a la vez, disponga de recursos para vivir lo suficiente.<\/p>\n<p>En cambio,\u00a0<strong>los virus<\/strong>\u00a0son seres vivos mucho m\u00e1s sencillos: s\u00f3lo son fragmentos de ADN o de ARN protegidos por una carcasa con prote\u00ednas. Su simplicidad les resta autonom\u00eda, puesto que no se pueden multiplicar solos y se destruyen f\u00e1cilmente si no encuentran un hu\u00e9sped. Un\u00a0<strong>hu\u00e9sped<\/strong>\u00a0es un ser vivo m\u00e1s complejo y con m\u00e1s recursos, que los virus parasitan para sobrevivir. Los hu\u00e9spedes pueden ser las personas, los animales o las plantas. Los virus utilizan tretas para pegarse a nuestras c\u00e9lulas, introducirse dentro de ellas y aprovechar nuestra maquinaria de multiplicaci\u00f3n celular para reproducirse ellos tambi\u00e9n.<\/p>\n<p><strong>\u00a0<\/strong><\/p>\n<h3><span style=\"color: #008080;\">\u00bfC\u00d3MO ES EL CORONAVIRUS?<\/span><\/h3>\n<p data-speechify-sentence=\"\"><strong><br \/>\n<\/strong><a href=\"https:\/\/www.doctoragibert.com\/wp-content\/uploads\/2021\/09\/Vacunes_contra_COVID-19_1.jpg\"><img decoding=\"async\" class=\"alignleft\" src=\"https:\/\/www.doctoragibert.com\/wp-content\/uploads\/2021\/09\/Vacunes_contra_COVID-19_1.jpg\" alt=\"\" width=\"483\" height=\"314\" \/><\/a>El <a href=\"https:\/\/www.doctoragibert.com\/es\/pacientes\/otros\/coronavirus\/\" target=\"_blank\" rel=\"noopener\">SARS-CoV-2<\/a> se representa como una burbuja que contiene ARN y cuya pared tiene prote\u00ednas, entre las que destaca la\u00a0<strong>prote\u00edna S<\/strong>, denominaci\u00f3n que proviene de Spike, esp\u00edcula o espina en ingl\u00e9s. Por tanto, la prote\u00edna S es la que constituye las espinas que dan al Coronavirus su aspecto de coronado.<\/p>\n<h3><\/h3>\n<h3><\/h3>\n<p>&nbsp;<\/p>\n<h3><span style=\"color: #008080;\">LAS VACUNAS<\/span><\/h3>\n<p data-speechify-sentence=\"\">Son medicamentos que pretenden entrenar nuestro sistema inmune contra un microbio concreto, de forma que, en el caso de que entremos posteriormente en contacto con \u00e9ste, nuestras defensas sepan c\u00f3mo combatirlo. La respuesta humana, tanto a la infecci\u00f3n natural como a la vacuna, es la producci\u00f3n de <strong>linfocitos B<\/strong>, que generan anticuerpos, y tambi\u00e9n de\u00a0<strong>linfocitos T<\/strong>, que atacan a las c\u00e9lulas de nuestro cuerpo infectadas, antes de que la infecci\u00f3n se extienda demasiado. Si bien los anticuerpos se usan como medida de la respuesta de nuestro cuerpo frente a una infecci\u00f3n real o a una vacuna, no todas las personas tenemos la misma capacidad de producir anticuerpos, ni de mantenerlos en el tiempo. Hay gente que no llega a crear anticuerpos despu\u00e9s de varias vacunaciones, pero se cree que est\u00e1 protegida posiblemente por los linfocitos T, que no los generan.<\/p>\n<p><strong>Todas las vacunas comercializadas actualmente en Europa contra el SARS-CoV-2 van dirigidas contra la prote\u00edna S del virus. <\/strong>Contienen ARN mensajero (ARNm), ADN sint\u00e9tico que act\u00faa como molde de la prote\u00edna S o la misma prote\u00edna S. La finalidad es que las c\u00e9lulas humanas expuestas a la vacuna la lleven a su interior y que \u00e9sta aproveche la maquinaria de reproducci\u00f3n celular para fabricar s\u00f3lo la prote\u00edna S.<\/p>\n<p>Si bien, la tecnolog\u00eda para la fabricaci\u00f3n de\u00a0<strong>ARNm<\/strong> no es nueva, habiendo demostrado protecci\u00f3n en ensayos cl\u00ednicos contra los virus del \u00c9bola, el Zika o la gripe, s\u00ed que\u00a0<strong>es la primera vez que una vacuna de este tipo se usa de forma masiva<\/strong>. Ello ha propiciado que se extienda el rumor de que su material gen\u00e9tico se puede integrar dentro de nuestros genes y usurparle funciones. Dicho esto, la infecci\u00f3n natural por el Coronavirus produce cantidades ingentes de ARNm, pero no se inserta en el genoma humano, por tanto, no hay datos que sugieran que ello vaya a ocurrir con este tipo de vacunas.<\/p>\n<p data-speechify-sentence=\"\">En cuanto a las vacunas con <strong>ADN sint\u00e9tico<\/strong>, \u00e9ste viaja dentro de un adenovirus modificado en el laboratorio para que, una vez dentro de la c\u00e9lula, no se pueda multiplicar. De hecho, la vida del adenovirus dentro de la c\u00e9lula humana es de s\u00f3lo unas semanas, despu\u00e9s desaparece totalmente. Tampoco se contempla que este ADN se integre dentro de nuestros genes, tanto por el dise\u00f1o de la vacuna, como porque es una\u00a0<strong>tecnolog\u00eda usada de forma masiva desde hace a\u00f1os en las campa\u00f1as de vacunaci\u00f3n contra el virus del \u00c9bola.<\/strong><\/p>\n<p><strong>\u00a0<\/strong><\/p>\n<h3><span style=\"color: #008080;\">\u00bfSON SEGURAS?<\/span><\/h3>\n<p>A pesar de la emergencia sanitaria, se han cumplido todos los pasos necesarios para sacarlas al mercado y que son los siguientes:<\/p>\n<p data-speechify-sentence=\"\"><a href=\"https:\/\/www.doctoragibert.com\/wp-content\/uploads\/2021\/09\/Vacunes_contra_COVID-19_2-683x1024-1.jpeg\"><img decoding=\"async\" class=\"alignleft\" src=\"https:\/\/www.doctoragibert.com\/wp-content\/uploads\/2021\/09\/Vacunes_contra_COVID-19_2-683x1024-1.jpeg\" alt=\"\" width=\"351\" height=\"526\" \/><\/a><\/p>\n<ul>\n<li><em>Fase precl\u00ednica:<\/em>estudios sobre eficacia y toxicidad de la vacuna en modelos animales o cultivos celulares.<\/li>\n<li><em>Fase I:<\/em> se realiza ya en humanos, s\u00f3lo en grupos reducidos, de menos de 100 adultos. Se eval\u00faa lo mismo que en la fase precl\u00ednica, aparte de las dosis necesarias y v\u00edas de administraci\u00f3n para conseguir el mejor efecto.<\/li>\n<li><em>Fase II: <\/em>sobre 200-500 humanos, revalora los aspectos incluidos en la fase I y permite dise\u00f1ar los ensayos que determinar\u00e1n la eficacia vacunal.<\/li>\n<li><em>Fase III: <\/em>suelen incluir miles de voluntarios de varios pa\u00edses. Se confronta la vacuna contra un placebo mediante ensayos cl\u00ednicos de gran calidad. Los resultados positivos permiten comercializar la vacuna.<\/li>\n<li><em>Fase IV: <\/em>la vacuna ya se administra a la poblaci\u00f3n general, pero se siguen controlando su efectividad y sus efectos adversos.<\/li>\n<\/ul>\n<p>Como ocurre con todos los medicamentos, hay efectos que desconocemos cuando llegan al mercado y que, en \u00faltima instancia, podr\u00edan motivar su retirada o la modificaci\u00f3n de su ficha t\u00e9cnica.\u00a0 De hecho, <strong> se calcula que un 4% de los medicamentos que llegan a nuestras farmacias acaban retirados del mercado.<\/strong><\/p>\n<p>La industria de las vacunas se ha puesto en marcha, de forma que <strong>el 8\/11\/22 la Organizaci\u00f3n Mundial de la Salud ten\u00eda registradas <a href=\"https:\/\/extranet.who.int\/pqweb\/sites\/default\/files\/documents\/Status_COVID_VAX_23Dec2021.pdf\" target=\"_blank\" rel=\"noopener\">44 vacunas <\/a><\/strong> que, o bien est\u00e1n autorizadas, o bien est\u00e1n bajo un proceso urgente de evaluaci\u00f3n. Esta situaci\u00f3n nos anuncia que llegar\u00e1 a haber excedente de vacunas a medio plazo, no ahora, porque hay casi un tercio de la poblaci\u00f3n mundial que a\u00fan espera su primera dosis.<\/p>\n<p>&nbsp;<\/p>\n<h3><span style=\"color: #008080;\">\u00bfCU\u00c1LES SON LAS VACUNAS QUE SE ADMINISTRAN EN ESPA\u00d1A?<\/span><\/h3>\n<p data-speechify-sentence=\"\">Las vacunas comercializadas disminuyen el riesgo de enfermar por coronavirus, aparte, los fabricantes ir\u00e1n introduciendo peque\u00f1as modificaciones en la vacuna para adaptarse a los cambios virales, tal y como ocurre con la de la gripe.<\/p>\n<p>Las que se administran actualmente en Espa\u00f1a son:<\/p>\n<p style=\"padding-left: 40px;\">\u2013\u00a0<strong>Comirnaty\u00ae:\u00a0<\/strong>tambi\u00e9n llamada la vacuna de Pfizer, por el nombre de su fabricante. Es una vacuna de ARNm que act\u00faa de molde para generar la prote\u00edna S de las puntas del Coronavirus.\u00a0<a href=\"https:\/\/www.nejm.org\/doi\/10.1056\/NEJMoa2034577?url_ver=Z39.88-2003&amp;rfr_id=ori%3Arid%3Acrossref.org&amp;rfr_dat=cr_pub++0pubmed\" target=\"_blank\" rel=\"noopener\"><strong>Proporciona una protecci\u00f3n de casi el 95% frente a la enfermedad<\/strong><\/a>\u00a0a los 7 d\u00edas de la segunda dosis. La posolog\u00eda es de dos dosis separadas por 21 d\u00edas.<\/p>\n<p style=\"padding-left: 40px;\">\u2013\u00a0<strong>Spikevax\u00ae:<\/strong> es la vacuna del laboratorio Moderna. Su dise\u00f1o es an\u00e1logo al de la vacuna anterior. <a href=\"https:\/\/www.nejm.org\/doi\/10.1056\/NEJMoa2035389?url_ver=Z39.88-2003&amp;rfr_id=ori:rid:crossref.org&amp;rfr_dat=cr_pub%20%200pubmed)\" target=\"_blank\" rel=\"noopener\"><strong>Protege contra casi el 94% de las infecciones sintom\u00e1ticas<\/strong><\/a> a partir de los 14 d\u00edas de la segunda dosis. Las dosis tienen que estar separadas por 28 d\u00edas.<\/p>\n<p style=\"padding-left: 40px;\">\u2013\u00a0<strong>Vaxzevria\u00ae:\u00a0<\/strong>antes llamada AstraZeneca, incluye un adenovirus que se usa como veh\u00edculo de un fragmento de ADN sint\u00e9tico que, una vez dentro del cuerpo, produce la prote\u00edna S. Seg\u00fan el ensayo cl\u00ednico previo a su comercializaci\u00f3n,\u00a0<a href=\"https:\/\/www.thelancet.com\/journals\/lancet\/article\/PIIS0140-6736(20)32661-1\/fulltext\" target=\"_blank\" rel=\"noopener\"><strong>reduce en el 70% los casos sintom\u00e1ticos de COVID-19<\/strong><\/a>\u00a0a los 14 d\u00edas de la segunda dosis. Una limitaci\u00f3n es que su eficacia s\u00f3lo se ha probado en individuos de hasta 55 a\u00f1os. La separaci\u00f3n entre dosis puede variar entre 4 y 12 semanas, siendo m\u00e1s efectivo apurar la segunda dosis hasta las 10-12 semanas.<\/p>\n<p style=\"padding-left: 40px;\">\u2013 <strong>Jcovden\u00ae<\/strong><strong>: <\/strong>antes vacuna de Janssen, tambi\u00e9n utiliza un adenovirus y su estrategia es similar a Vaxzevria\u00ae. Su principal ventaja es que s\u00f3lo se administra una dosis. Al contrario, su efectividad es un 20% inferior a las dos dosis de vacuna de ARNm en individuos de 50-59 a\u00f1os.<\/p>\n<p style=\"padding-left: 40px;\">&#8211;\u00a0<strong>Nuvaxovid\u00ae:<\/strong> contiene la prote\u00edna S y la fabrica el laboratorio Novavax. Antes de llegar al p\u00fablico, se prob\u00f3 <strong><a href=\"https:\/\/www.nejm.org\/doi\/pdf\/10.1056\/NEJMoa2116185\">una eficacia del 90% frente a la COVID sintom\u00e1tica<\/a><\/strong> a los 7 d\u00edas de la vacunaci\u00f3n.<\/p>\n<p>Lamentablemente, <strong>la inmunidad otorgada por la vacuna se va perdiendo a los pocos meses de su administraci\u00f3n<\/strong>, de ah\u00ed que se recomiende una dosis de refuerzo.\u00a0Por otra parte, <strong>el efecto vacunal es muy inferior contra la variante \u00f3micron que contra la delta<\/strong>. Por suerte, no hay indicio alguno de que una dosis de recuerdo pueda causar efectos que no hayan producido las otras dos. La investigaci\u00f3n actual apunta a que las nuevas vacunas de ARNm bivalentes son las mejores opciones. Las bivalentes protegen contra las subvariantes de \u00f3microm m\u00e1s frecuentes, las BA.4 y BA.5, as\u00ed como contra otras variantes virales m\u00e1s antiguas. Seg\u00fan vayan pasando los meses, <strong>iremos conociendo la duraci\u00f3n de su protecci\u00f3n y el efecto contra las distintas variantes virales.<\/strong><\/p>\n<p>&nbsp;<\/p>\n<h3><span style=\"color: #008080;\">\u00bfTENEMOS DATOS SOBRE LOS EFECTOS DE LAS VACUNAS EN EMBARAZADAS Y MADRES LACTANTES?<\/span><\/h3>\n<p data-speechify-sentence=\"\">S\u00ed, ya disponemos de datos, a pesar de que los ensayos cl\u00ednicos previos a la comercializaci\u00f3n de vacunas no hayan incluido embarazadas, ni madres lactantes.<\/p>\n<p>La informaci\u00f3n m\u00e1s antigua procede de la investigaci\u00f3n de la vacuna en animales y \u00e9sta no muestra indicios de efectos adversos durante el embarazo. La m\u00e1s reciente proviene de los registros de vacunadas bajo estas circunstancias y tampoco se evidencian problemas. Destacamos, por el n\u00famero de mujeres <a href=\"https:\/\/www.nejm.org\/doi\/full\/10.1056\/NEJMoa2104983\" target=\"_blank\" rel=\"noopener noreferrer\">un estudio estadounidense sobre m\u00e1s de 36.000 gestantes inmunizadas<\/a>, un <a href=\"https:\/\/jamanetwork.com\/journals\/jama\/fullarticle\/2782047\" target=\"_blank\" rel=\"noopener noreferrer\">segundo israelita con m\u00e1s de 15.000 embarazadas<\/a>, y un <a href=\"https:\/\/www.thelancet.com\/journals\/laninf\/article\/PIIS1473-3099(22)00426-1\/fulltext\" target=\"_blank\" rel=\"noopener\">tercero canadiense sobre 8.700 mujeres encinta<\/a>, todas ellas vacunadas con ARNm y resultados favorables. Sabemos que las gestantes tienen una probabilidad de sufrir efectos secundarios vacunales similar a las de su misma edad que no lo est\u00e1n. De lo anterior, se deriva que <strong>las vacunas d\u2019ARNm (Comirnaty\u00ae y Spikevax\u00ae) son las recomendadas en gestantes y lactantes<\/strong>, incluso para las que se les hubiera administrado una vacuna distinta con anterioridad. Aun con todo, si no se dispusiera de vacunas de ARNm en nuestro entorno, se tendr\u00eda que recurrir a una vacuna de otra clase.<\/p>\n<p><a href=\"https:\/\/www.vacunacovid.gob.es\/voces-expertas\/vacunas-covid-y-fertilidad-que-se-sabe-hasta-ahora\" target=\"_blank\" rel=\"noopener noreferrer\"><strong>Tampoco hay evidencia de que la vacuna afecte la fertilidad<\/strong><\/a>.<\/p>\n<p>&nbsp;<\/p>\n<blockquote>\n<hr \/>\n<h1 style=\"text-align: center;\"><span style=\"color: #008080;\">La informaci\u00f3n actual, sobre los estudios publicados sobre unas 60.000 embarazadas vacunadas y los sistemas de farmacovigilancia poblacional, sustenta la seguridad de las vacunas durante la gestaci\u00f3n<\/span><\/h1>\n<hr \/>\n<\/blockquote>\n<p>&nbsp;<\/p>\n<h3><span style=\"color: #008080;\">\u00bfQU\u00c9 ES LO M\u00c1S RECOMENDABLE SEG\u00daN LA INFORMACI\u00d3N EXISTENTE?<\/span><\/h3>\n<p>Bas\u00e1ndonos en la informaci\u00f3n previa y en los documentos de la <a href=\"https:\/\/facme.es\/wp-content\/uploads\/2021\/12\/20211202-FAC-Embarazadas-Recomendaciones-para-la-vacunacio%C2%B4n-frente-a-COVID-19-.pdf\" target=\"_blank\" rel=\"noopener\">FACME (Federaci\u00f3n de Asociaciones Cient\u00edfico-M\u00e9dicas Espa\u00f1olas)<\/a> y el\u00a0<a href=\"https:\/\/www.mscbs.gob.es\/profesionales\/saludPublica\/prevPromocion\/vacunaciones\/covid19\/docs\/COVID-19_Guia_utilizacion_vacunas_personalsanitario.pdf\" target=\"_blank\" rel=\"noopener\">Ministerio de Sanidad, Consumo y Bienestar Social<\/a> \u00a0para gestantes y madres lactantes, las recomendacioines son las que siguen:<\/p>\n<ul>\n<li>Deben ofrecerse las vacunas a las embarazadas seg\u00fan les corresponda por franja de edad.<\/li>\n<li>Las madres lactantes deben seguir con la lactancia, independientemente de la vacunaci\u00f3n.<\/li>\n<li>Si una mujer\u00a0<em>contempla quedarse embarazada<\/em>, sus planes no deben verse alterados por la administraci\u00f3n de la vacuna.<\/li>\n<\/ul>\n<h3><\/h3>\n<h3><span style=\"color: #008080;\">\u00bfEN QU\u00c9 MOMENTO DEL EMBARAZO SE RECOMIENDA LA VACUNACI\u00d3N?<\/span><\/h3>\n<p>Como regla general se recomienda evitar al m\u00e1ximo la medicaci\u00f3n en el primer trimestre de embarazo (organog\u00e9nesis o formaci\u00f3n de los \u00f3rganos del embri\u00f3n). Por otra parte, el riesgo de complicaciones derivadas de la infecci\u00f3n por el Coronavirus es superior en el tercer trimestre. Esta dicotom\u00eda ha fomentado que la FACME establezca <strong>las 14 semanas como punto de partida de la vacunaci\u00f3n en las embarazadas<\/strong>, aunque el <strong>Ministerio de Sanidad Espa\u00f1ol ya recomienda, desde el 30\/7\/21, la vacunaci\u00f3n en cualquier momento del embarazo<\/strong> siempre que corresponda por grupo de edad o por otras circunstancias (laborales o alto riesgo de enfermar).<\/p>\n<p>&nbsp;<\/p>\n<h3><span style=\"color: #008080;\">\u00bfY SI SOY RETICENTE A VACUNARME, INDEPENDIENTEMENTE DE MI DESEO GESTACIONAL, EMBARAZO O LACTANCIA?<\/span><\/h3>\n<p>En este caso, debes saber que:<\/p>\n<ul>\n<li>Si bien la decisi\u00f3n de vacunarte es individual, el beneficio de vacunarte no es s\u00f3lo para ti, sino para todos los que te rodean (familiares, amigos, compa\u00f1eros de trabajo\u2026).<\/li>\n<li>Si eres trabajadora sanitaria o social, o alguno de tus convivientes lo es, tienes mayor riesgo de contagiar y ser contagiada.<\/li>\n<li>Si tu trabajo te hace interactuar con mucha gente, las posibilidades de contraer y contagiar el virus aumentan.<\/li>\n<li>Si tienes diabetes desde antes del embarazo o diagnosticada durante el mismo, o sobrepeso, o superas los 35 a\u00f1os el riesgo de que la COVID-19 te cause problemas es mayor y, por lo tanto, te conviene vacunarte.<\/li>\n<li>Si padeces enfermedades autoinmunes, est\u00e1s inmunodeprimida, eres fumadora, padeces asma, hipertensi\u00f3n arterial o problemas card\u00edacos o est\u00e1s en tu tercer trimestre de embarazo, tu riesgo de padecer enfermedad grave, si te contagias, aumenta.<\/li>\n<li>Aunque las vacunas no son tan efectivas evitando la infecci\u00f3n por las nuevas variantes de \u00f3micron, mantienen bien su protecci\u00f3n contra la COVID-19 severa.<\/li>\n<\/ul>\n<p>&nbsp;<\/p>\n<h3><span style=\"color: #008080;\">\u00bfY SI ESTOY DE TREINTA Y MUCHAS SEMANAS?<\/span><\/h3>\n<p>Si a\u00fan no te han administrado ninguna vacuna, como que entre la primera dosis de <strong>Comirnaty\u00ae<\/strong> y la siguiente deben pasar <strong>3 semanas<\/strong>, y entre la primera de <strong>Spikevax<\/strong><strong>\u00ae<\/strong> y la segunda <strong>4 semanas<\/strong>, puede ocurrir que cuando te toque la segunda dosis est\u00e9s ya de parto o reci\u00e9n parida.<\/p>\n<p>Visto que la gran mayor\u00eda de los participantes en los ensayos cl\u00ednicos de Comirnarty\u00ae recibieron la segunda dosis entre 19 y 23 d\u00edas despu\u00e9s de la primera y los que participaron en los ensayos de Spikevax\u00ae lo hicieron entre los 25 y 35 d\u00edas, <strong>cualquier segunda dosis administrada antes de los 19 d\u00edas para la Comirnaty\u00ae y los 25 para la Spikevax\u00ae se considera insuficiente<\/strong>. Seg\u00fan nuestro Consejo Interterritorial de Salud, si se retrasa la segunda dosis m\u00e1s all\u00e1 del intervalo establecido, \u00e9sta se administrar\u00e1 sin necesitar m\u00e1s dosis. De cualquier modo, <strong>se cree que cuanto m\u00e1s se parezcan los intervalos entre dosis a los recomendados por el fabricante, la protecci\u00f3n ser\u00e1 superior.<\/strong><\/p>\n<p>Por tanto, si te encuentras bien, vac\u00fanate con la segunda dosis tan pronto como buenamente puedas, aunque sea pocos d\u00edas antes o pocos d\u00edas despu\u00e9s del parto.<\/p>\n<p>&nbsp;<\/p>\n<h3><span style=\"color: #008080;\">\u00bfY SI ANTES DE LA SEGUNDA DOSIS ME HE QUEDADO EMBARAZADA?<\/span><\/h3>\n<p>No hay ning\u00fan problema en administrarse la segunda dosis, preferentemente de una vacuna de ARNm y concluir, as\u00ed, el programa vacunal.<\/p>\n<p>&nbsp;<\/p>\n<h3><span style=\"color: #008080;\">\u00bfY SI YA HE PASADO LA ENFERMEDAD POR SARS-CoV-2?<\/span><\/h3>\n<p>Puedes estar en una de estas tres situaciones:<\/p>\n<ul>\n<li>Has enfermado antes de vacunarte: las recomendaciones son que te vacunes s\u00f3lo con una dosis <strong>a partir de los 5 meses<\/strong>\u00a0de haber pasado la enfermedad.<\/li>\n<li>Te pusiste una dosis de la vacuna y te contagiaste antes de ponerte la segunda: igualmente tienes que esperar <strong>5 meses<\/strong>\u00a0para vacunarte con la segunda dosis.<\/li>\n<li>Ya te hab\u00edas puesto las dos primeras dosis de la vacuna: te pueden administrar la dosis de recuerdo a partir de los <strong>5 meses<\/strong> de haberte infectado.<\/li>\n<\/ul>\n<p>Y recuerda que los intervalos bajan a los 3 meses si has recibido las vacunas <strong>Vaxzevria\u00ae <\/strong>o<strong> Jcovden\u00ae <\/strong>(antigua Janssen).<\/p>\n<p>&nbsp;<\/p>\n<h3><span style=\"color: #008080;\">\u00bfY SI ME COINCIDE LA FECHA DE VACUNACI\u00d3N CON LA DE OTRAS VACUNAS (TOS FERINA, GRIPE) O LA GAMMA-GLOBULINA ANTI-D (VACUNA DEL RH)?<\/span><\/h3>\n<p>La informaci\u00f3n disponible favorece que la vacuna anti-COVID-19 no se separe de otras vacunas que puedan estar indicadas en los programas de vacunaci\u00f3n habituales de las gestantes.<\/p>\n<p>En cuanto a la \u201cvacuna\u201d contra el Rh, destacar que no es propiamente una vacuna, sino que son anticuerpos producidos fuera de nuestro cuerpo (inmunoglobulinas), por tanto, lo que acabamos de comentar no ser\u00eda de aplicaci\u00f3n. De hecho, <a href=\"https:\/\/cima.aemps.es\/cima\/pdfs\/es\/ft\/69377\/69377_ft.pdf\" target=\"_blank\" rel=\"noopener noreferrer\">la ficha t\u00e9cnica<\/a> de estos productos recomienda separar su administraci\u00f3n de la vacunaci\u00f3n con virus vivos atenuados, cuando las vacunas de ARNm no pertenecen a este grupo. Por tanto, <strong>se puede administrar el mismo d\u00eda la vacuna contra el Rh y la vacuna contra la COVID-19<\/strong>.<\/p>\n<p>&nbsp;<\/p>\n<h3><span style=\"color: #008080;\">LA VACUNACI\u00d3N A LAS MADRES LACTANTES<\/span><\/h3>\n<p>En la leche materna no hay residuos de las vacunas, pero s\u00ed anticuerpos que pueden proteger a los beb\u00e9s amamantados por parte de las madres vacunadas.<\/p>\n<p>Aunque no se han estudiado las vacunas espec\u00edficamente en madres lactantes, es muy poco probable que \u00e9stas no supongan riesgo alguno, m\u00e1s bien al contrario, dado el poder neutralizante del virus que tienen los anticuerpos localizados en la leche materna. Por consiguiente, ni debe demorarse la lactancia materna, ni interrumpirla a resultas de la vacunaci\u00f3n.<\/p>\n<p>&nbsp;<\/p>\n<h3><span style=\"color: #008080;\">LA VACUNACI\u00d3N DE MIS OTROS HIJOS<\/span><\/h3>\n<p>Los ni\u00f1os son un grupo muy poco vulnerable al Coronavirus, es decir, su enfermedad es m\u00e1s leve que la de los adultos y la mortalidad es excepcional. El principal beneficio de su vacunaci\u00f3n es la recuperaci\u00f3n de la vida en comunidad y la continuidad escolar. La inmunidad de reba\u00f1o tambi\u00e9n es otra ventaja adicional.<\/p>\n<p>En consecuencia, <strong>el 15 de diciembre de 2021 se inici\u00f3 en el Estado Espa\u00f1ol la vacunaci\u00f3n a la poblaci\u00f3n entre 5 y 11 a\u00f1os,<\/strong> empezando por los j\u00f3venes de mayor riesgo y los de mayor edad (10 y 11 a\u00f1os).<\/p>\n<p>&nbsp;<\/p>\n<h4><span style=\"color: #008080;\">FUENTES DE LA INFORMACI\u00d3N:<\/span><\/h4>\n<ul>\n<li>Baden LR, El Sahly HM, Essink B, Kotloff K, Frey S, Novak R, Diemert D, Spector SA, Rouphael N, Creech CB, McGettigan J, Khetan S, Segall N, Solis J, Brosz A, Fierro C, Schwartz H, Neuzil K, Corey L, Gilbert P, Janes H, Follmann D, Marovich M, Mascola J, Polakowski L, Ledgerwood J, Graham BS, Bennett H, Pajon R, Knightly C, Leav B, Deng W, Zhou H, Han S, Ivarsson M, Miller J, Zaks T; COVE Study Group. Efficacy and Safety of the mRNA-1273 SARS-CoV-2 Vaccine. N Engl J Med. 2021;384:403-16. [acceso 27-2-21]. Disponible en: <a href=\"https:\/\/www.nejm.org\/doi\/10.1056\/NEJMoa2035389?url_ver=Z39.88-2003&amp;rfr_id=ori:rid:crossref.org&amp;rfr_dat=cr_pub%20%200pubmed\" target=\"_blank\" rel=\"noopener\">https:\/\/www.nejm.org\/doi\/10.1056\/NEJMoa2035389?url_ver=Z39.88-2003&amp;rfr_id=ori:rid:crossref.org&amp;rfr_dat=cr_pub%20%200pubmed<\/a><\/li>\n<li>Barouch DH. Covid-19 Vaccines &#8211; Immunity, Variants, Boosters. N Engl J Med. 2022 Sep 15;387(11):1011-1020. [acceso 26-6-21]. Disponible en: <a href=\"https:\/\/www.nejm.org\/doi\/10.1056\/NEJMra2206573?url_ver=Z39.88-2003\" target=\"_blank\" rel=\"noopener\">https:\/\/www.cdc.gov\/coronavirus\/2019-ncov\/vaccines\/safety\/vsafepregnancyregistry.html<\/a><\/li>\n<li>Centers for Disease Control (CDC). V-safe COVID-19 Vaccine Pregnancy Registry. [acceso 26-6-21]. Disponible en: <a href=\"https:\/\/www.cdc.gov\/coronavirus\/2019-ncov\/vaccines\/safety\/vsafepregnancyregistry.html\" target=\"_blank\" rel=\"noopener\">https:\/\/www.cdc.gov\/coronavirus\/2019-ncov\/vaccines\/safety\/vsafepregnancyregistry.html<\/a><\/li>\n<li>Comit\u00e9 Asesor de Vacunas, Asociaci\u00f3n Espa\u00f1ola de Pediatr\u00eda; Sociedad Espa\u00f1ola de Infectolog\u00eda Pedi\u00e1trica. DOCUMENTO DE CONSENSO DEL CAV Y SEIP (AEP) SOBRE LA VACUNACI\u00d3N INFANTIL FRENTE A LA COVID. Fecha de actualizaci\u00f3n: 9 de diciembre de 2021. [acceso 8-1-22]. Disponible en: \u00a0<a href=\"https:\/\/vacunasaep.org\/profesionales\/noticias\/covid-19-vacunacion-ninos-5-11a-consenso-SEIP-y-CAV\" target=\"_blank\" rel=\"noopener\">https:\/\/vacunasaep.org\/profesionales\/noticias\/covid-19-vacunacion-ninos-5-11a-consenso-SEIP-y-CAV<\/a><\/li>\n<li>Consejo Interterritorial Sistema Nacional de Salud. COMIRNATY (Vacuna COVID-19 ARNm, Pfizer-BioNTech). Gu\u00eda T\u00e9cnica. 21 junio 2021. [acceso 26-6-21]. Disponible en: <a href=\"https:\/\/www.mscbs.gob.es\/profesionales\/saludPublica\/prevPromocion\/vacunaciones\/covid19\/docs\/Guia_Tecnica_COMIRNATY.pdf\" target=\"_blank\" rel=\"noopener\">https:\/\/www.mscbs.gob.es\/profesionales\/saludPublica\/prevPromocion\/vacunaciones\/covid19\/docs\/Guia_Tecnica_COMIRNATY.pdf<\/a><\/li>\n<li>Consejo Interterritorial Sistema Nacional de Salud. COVID-19 VACCINE MODERNA (Vacuna COVID-19 ARNm). Gu\u00eda T\u00e9cnica. 16 junio 2021. [acc\u00e9s 26-6-21]. Disponible en: <a href=\"https:\/\/www.mscbs.gob.es\/profesionales\/saludPublica\/prevPromocion\/vacunaciones\/covid19\/docs\/Guia_Tecnica_vacuna_Moderna.pdf\" target=\"_blank\" rel=\"noopener\">https:\/\/www.mscbs.gob.es\/profesionales\/saludPublica\/prevPromocion\/vacunaciones\/covid19\/docs\/Guia_Tecnica_vacuna_Moderna.pdf<\/a><\/li>\n<li>Federaci\u00f3n de Asociaciones Cient\u00edfico-M\u00e9dicas Espa\u00f1olas (FACME). Recomendaciones FACME para la vacunaci\u00f3n frente a COVID-19 en mujeres embarazadas. Fecha de la recomendaci\u00f3n: 02 de diciembre de 2021. [Internet]. Covid-19: Documentos. [acceso 8-1-22]. Disponible en: \u00a0<a href=\"https:\/\/facme.es\/wp-content\/uploads\/2021\/12\/20211202-FAC-Embarazadas-Recomendaciones-para-la-vacunacio%C2%B4n-frente-a-COVID-19-.pdf\" target=\"_blank\" rel=\"noopener\">https:\/\/facme.es\/wp-content\/uploads\/2021\/12\/20211202-FAC-Embarazadas-Recomendaciones-para-la-vacunacio%C2%B4n-frente-a-COVID-19-.pdf<\/a><\/li>\n<li>Dunkle LM, Kotloff KL, Gay CL, \u00c1\u00f1ez G, Adelglass JM, Barrat Hern\u00e1ndez AQ, Harper WL, Duncanson DM, McArthur MA, Florescu DF, McClelland RS, Garcia-Fragoso V, Riesenberg RA, Musante DB, Fried DL, Safirstein BE, McKenzie M, Jeanfreau RJ, Kingsley JK, Henderson JA, Lane DC, Ru\u00edz-Palacios GM, Corey L, Neuzil KM, Coombs RW, Greninger AL, Hutter J, Ake JA, Smith K, Woo W, Cho I, Glenn GM, Dubovsky F; 2019nCoV-301 Study Group. Efficacy and Safety of NVX-CoV2373 in Adults in the United States and Mexico. N Engl J Med. 2022 Feb 10;386(6):531-543. [acceso 26-11-22]. Disponible en: <a href=\"https:\/\/www.nejm.org\/doi\/pdf\/10.1056\/NEJMoa2116185\" target=\"_blank\" rel=\"noopener\">https:\/\/www.nejm.org\/doi\/pdf\/10.1056\/NEJMoa2116185<\/a><\/li>\n<li>Goldshtein I, Nevo D, Steinberg DM, et al. Association Between BNT162b2 Vaccination and Incidence of SARS-CoV-2 Infection in Pregnant Women.\u00a0\u00a0Published online July 12, 2021. [acc\u00e9s 31-7-21]. Disponible en: <a href=\"https:\/\/jamanetwork.com\/journals\/jama\/fullarticle\/2782047\" target=\"_blank\" rel=\"noopener\">https:\/\/jamanetwork.com\/journals\/jama\/fullarticle\/2782047<\/a><\/li>\n<li>Grupo de Trabajo T\u00e9cnico de Vacunaci\u00f3n COVID-19, de la Ponencia de Programa y Registro de Vacunaciones. Consejo Interterritorial Sistema Nacional de Salud. Estrategia de vacunaci\u00f3n frente a COVID19 en Espa\u00f1a. Actualizaci\u00f3n 7. 11 mayo de 2021. [acceso 26-6-21]. Disponible en: <a href=\"https:\/\/www.mscbs.gob.es\/profesionales\/saludPublica\/prevPromocion\/vacunaciones\/covid19\/docs\/COVID-19_Actualizacion7_EstrategiaVacunacion.pdf\" target=\"_blank\" rel=\"noopener\">https:\/\/www.mscbs.gob.es\/profesionales\/saludPublica\/prevPromocion\/vacunaciones\/covid19\/docs\/COVID-19_Actualizacion7_EstrategiaVacunacion.pdf<\/a><\/li>\n<li>Mallapaty S, Callaway E, Kozlov M, Ledford H, Pickrell J, Van Noorden R. How COVID vaccines shaped 2021 in eight powerful charts. Nature. 2021 Dec;600(7890):580-583.<\/li>\n<li>Ministerio de Sanidad, Gobierno de Espa\u00f1a. Gu\u00eda sobre utilizaci\u00f3n de vacunas para personal sanitario. Estrategia de Vacunaci\u00f3n frente a COVID-19. 26 julio 2022. [acc\u00e9s 26-11-22]. Disponible en: <a href=\"https:\/\/www.mscbs.gob.es\/profesionales\/saludPublica\/prevPromocion\/vacunaciones\/covid19\/docs\/COVID-19_Guia_utilizacion_vacunas_personalsanitario.pdf\" target=\"_blank\" rel=\"noopener\">https:\/\/www.mscbs.gob.es\/profesionales\/saludPublica\/prevPromocion\/vacunaciones\/covid19\/docs\/COVID-19_Guia_utilizacion_vacunas_personalsanitario.pdf<\/a><\/li>\n<li>Ministerio de Sanidad, Gobierno de Espa\u00f1a; Consejo Interterritorial del Sistema Nacional de Salud; Comit\u00e9 Asesor de Vacunas, Asociaci\u00f3n Espa\u00f1ola de Pediatr\u00eda. VACUNACI\u00d3N COVID EN POBLACI\u00d3N INFANTIL: PREGUNTAS Y RESPUESTAS. Fecha de actualizaci\u00f3n: 31 de enero de 2022 [acceso 26-11-22]. Disponible en: <a href=\"https:\/\/www.mscbs.gob.es\/profesionales\/saludPublica\/prevPromocion\/vacunaciones\/covid19\/docs\/Vacuna_COVID_poblacion_infantil_PreguntasyRespuestas.pdf\" target=\"_blank\" rel=\"noopener\">https:\/\/www.mscbs.gob.es\/profesionales\/saludPublica\/prevPromocion\/vacunaciones\/covid19\/docs\/Vacuna_COVID_poblacion_infantil_PreguntasyRespuestas.pdf<\/a><\/li>\n<li>Perl SH, Uzan-Yulzari A, Klainer H, Asiskovich L, Youngster M, Rinott E, Youngster I. SARS-CoV-2-Specific Antibodies in Breast Milk After COVID-19 Vaccination of Breastfeeding Women. JAMA. 2021 May 18;325(19):2013-2014.<\/li>\n<li>Polack FP, Thomas SJ, Kitchin N, Absalon J, Gurtman A, Lockhart S, Perez JL, P\u00e9rez Marc G, Moreira ED, Zerbini C, Bailey R, Swanson KA, Roychoudhury S, Koury K, Li P, Kalina WV, Cooper D, Frenck RW Jr, Hammitt LL, T\u00fcreci \u00d6, Nell H, Schaefer A, \u00dcnal S, Tresnan DB, Mather S, Dormitzer PR, \u015eahin U, Jansen KU, Gruber WC; C4591001 Clinical Trial Group. Safety and Efficacy of the BNT162b2 mRNA Covid-19 Vaccine. N Engl J Med. 2020;383:2603-15. [acceso 27-2-21]. Disponible en: <a href=\"https:\/\/www.nejm.org\/doi\/10.1056\/NEJMoa2034577?url_ver=Z39.88-2003&amp;rfr_id=ori%3Arid%3Acrossref.org&amp;rfr_dat=cr_pub++0pubmed\" target=\"_blank\" rel=\"noopener\">https:\/\/www.nejm.org\/doi\/10.1056\/NEJMoa2034577?url_ver=Z39.88-2003&amp;rfr_id=ori%3Arid%3Acrossref.org&amp;rfr_dat=cr_pub++0pubmed<\/a><\/li>\n<li>Public Health England. COVID-19 vaccination: a guide for all women of childbearing age, pregnant or breastfeeding. PHE; 2022. [acceso 26-11-22]. Disponible en: <a href=\"https:\/\/www.gov.uk\/government\/publications\/covid-19-vaccination-women-of-childbearing-age-currently-pregnant-planning-a-pregnancy-or-breastfeeding\/covid-19-vaccination-a-guide-for-women-of-childbearing-age-pregnant-planning-a-pregnancy-or-breastfeeding\" target=\"_blank\" rel=\"noopener\">https:\/\/www.gov.uk\/government\/publications\/covid-19-vaccination-women-of-childbearing-age-currently-pregnant-planning-a-pregnancy-or-breastfeeding\/covid-19-vaccination-a-guide-for-women-of-childbearing-age-pregnant-planning-a-pregnancy-or-breastfeeding<\/a><\/li>\n<li>Sadarangani M, Soe P, Shulha HP, Valiquette L, Vanderkooi OG, Kellner JD, Muller MP, Top KA, Isenor JE, McGeer A, Irvine M, De Serres G, Marty K, Bettinger JA; Canadian Immunization Research Network. Safety of COVID-19 vaccines in pregnancy: a Canadian National Vaccine Safety (CANVAS) network cohort study. Lancet Infect Dis. 2022 Nov;22(11):1553-1564.\u00a0[acceso 26-11-22]. Disponible en: <a href=\"https:\/\/www.thelancet.com\/journals\/laninf\/article\/PIIS1473-3099(22)00426-1\/fulltext\">https:\/\/www.nejm.org\/doi\/full\/10.1056\/NEJMoa2104983<\/a><\/li>\n<li>Shimabukuro TT, Kim SY, Myers TR, et al. Preliminary Findings of mRNA Covid-19 Vaccine Safety in Pregnant Persons. New England Journal of Medicine. 2021. [acc\u00e9s 26-6-21]. Disponible en: <a href=\"https:\/\/www.nejm.org\/doi\/full\/10.1056\/NEJMoa2104983\" target=\"_blank\" rel=\"noopener\">https:\/\/www.nejm.org\/doi\/full\/10.1056\/NEJMoa2104983<\/a><\/li>\n<li>Voysey M, Clemens SAC, Madhi SA, Weckx LY, Folegatti PM, Aley PK, Angus B, Baillie VL, Barnabas SL, Bhorat QE, Bibi S, Briner C, Cicconi P, Collins AM, Colin-Jones R, Cutland CL, Darton TC, Dheda K, Duncan CJA, Emary KRW, Ewer KJ, Fairlie L, Faust SN, Feng S, Ferreira DM, Finn A, Goodman AL, Green CM, Green CA, Heath PT, Hill C, Hill H, Hirsch I, Hodgson SHC, Izu A, Jackson S, Jenkin D, Joe CCD, Kerridge S, Koen A, Kwatra G, Lazarus R, Lawrie AM, Lelliott A, Libri V, Lillie PJ, Mallory R, Mendes AVA, Milan EP, Minassian AM, McGregor A, Morrison H, Mujadidi YF, Nana A, O\u2019Reilly PJ, Padayachee SD, Pittella A, Plested E, Pollock KM, Ramasamy MN, Rhead S, Schwarzbold AV, Singh N, Smith A, Song R, Snape MD, Sprinz E, Sutherland RK, Tarrant R, Thomson EC, T\u00f6r\u00f6k ME, Toshner M, Turner DPJ, Vekemans J, Villafana TL, Watson MEE, Williams CJ, Douglas AD, Hill AVS, Lambe T, Gilbert SC, Pollard AJ; Oxford COVID Vaccine Trial Group. Safety and efficacy of the ChAdOx1 nCoV-19 vaccine (AZD1222) against SARS-CoV-2: an interim analysis of four randomised controlled trials in Brazil, South Africa, and the UK. 2021 Jan 9;397(10269):99-111. [acceso 27-2-21]. Disponible en: <a href=\"https:\/\/www.thelancet.com\/journals\/lancet\/article\/PIIS0140-6736(20)32661-1\/fulltext\" target=\"_blank\" rel=\"noopener\">https:\/\/www.thelancet.com\/journals\/lancet\/article\/PIIS0140-6736(20)32661-1\/fulltext<\/a>,<\/li>\n<\/ul>\n","protected":false},"excerpt":{"rendered":"<p>Autora:\u00a0Dra. MJ Gibert. Fecha de actualizaci\u00f3n: 26\/11\/22 . Fecha de versiones previas: 28\/2\/21, 26\/6\/21, 31\/7\/21, 4\/9\/21, 8\/1\/22, 18\/1\/22. Para tratar un tema del que se ha hablado y a\u00fan se hablar\u00e1 tanto como \u00e9ste, creo que lo mejor es seguir el sistema pregunta-respuesta. As\u00ed, podr\u00e9is ir localizando bajo los titulares lo que m\u00e1s os interese. [&hellip;]<\/p>\n","protected":false},"author":29996,"featured_media":0,"parent":15253,"menu_order":0,"comment_status":"closed","ping_status":"closed","template":"page-limpia.php","meta":{"footnotes":""},"class_list":["post-17492","page","type-page","status-publish","hentry"],"yoast_head":"<!-- This site is optimized with the Yoast SEO plugin v25.0 - https:\/\/yoast.com\/wordpress\/plugins\/seo\/ -->\n<title>VACUNAS CONTRA LA COVID-19: \u00bfc\u00f3mo funcionan?, \u00bfqu\u00e9 sabemos de ellas?, \u00bfson seguras para embarazadas y para madres lactantes? - DRA. GIBERT<\/title>\n<meta name=\"robots\" content=\"index, follow, max-snippet:-1, max-image-preview:large, max-video-preview:-1\" \/>\n<link rel=\"canonical\" href=\"https:\/\/www.doctoragibert.com\/es\/pacientes\/embarazo-y-parto\/vacunas-contra-covid-19\/\" \/>\n<meta property=\"og:locale\" content=\"es_ES\" \/>\n<meta property=\"og:type\" content=\"article\" \/>\n<meta property=\"og:title\" content=\"VACUNAS CONTRA LA COVID-19: \u00bfc\u00f3mo funcionan?, \u00bfqu\u00e9 sabemos de ellas?, \u00bfson seguras para embarazadas y para madres lactantes? - DRA. GIBERT\" \/>\n<meta property=\"og:description\" content=\"Autora:\u00a0Dra. MJ Gibert. Fecha de actualizaci\u00f3n: 26\/11\/22 . Fecha de versiones previas: 28\/2\/21, 26\/6\/21, 31\/7\/21, 4\/9\/21, 8\/1\/22, 18\/1\/22. Para tratar un tema del que se ha hablado y a\u00fan se hablar\u00e1 tanto como \u00e9ste, creo que lo mejor es seguir el sistema pregunta-respuesta. As\u00ed, podr\u00e9is ir localizando bajo los titulares lo que m\u00e1s os interese. [&hellip;]\" \/>\n<meta property=\"og:url\" content=\"https:\/\/www.doctoragibert.com\/es\/pacientes\/embarazo-y-parto\/vacunas-contra-covid-19\/\" \/>\n<meta property=\"og:site_name\" content=\"DRA. GIBERT\" \/>\n<meta property=\"article:publisher\" content=\"https:\/\/www.facebook.com\/doctoragibert\" \/>\n<meta property=\"article:modified_time\" content=\"2022-11-26T22:24:48+00:00\" \/>\n<meta property=\"og:image\" content=\"https:\/\/www.doctoragibert.com\/wp-content\/uploads\/2022\/11\/Covid_19_xifres_mundials_26-11-22.jpg\" \/>\n<meta name=\"twitter:label1\" content=\"Tiempo de lectura\" \/>\n\t<meta name=\"twitter:data1\" content=\"25 minutos\" \/>\n<script type=\"application\/ld+json\" class=\"yoast-schema-graph\">{\"@context\":\"https:\/\/schema.org\",\"@graph\":[{\"@type\":\"WebPage\",\"@id\":\"https:\/\/www.doctoragibert.com\/es\/pacientes\/embarazo-y-parto\/vacunas-contra-covid-19\/\",\"url\":\"https:\/\/www.doctoragibert.com\/es\/pacientes\/embarazo-y-parto\/vacunas-contra-covid-19\/\",\"name\":\"VACUNAS CONTRA LA COVID-19: \u00bfc\u00f3mo funcionan?, \u00bfqu\u00e9 sabemos de ellas?, \u00bfson seguras para embarazadas y para madres lactantes? - DRA. GIBERT\",\"isPartOf\":{\"@id\":\"https:\/\/www.doctoragibert.com\/es\/#website\"},\"primaryImageOfPage\":{\"@id\":\"https:\/\/www.doctoragibert.com\/es\/pacientes\/embarazo-y-parto\/vacunas-contra-covid-19\/#primaryimage\"},\"image\":{\"@id\":\"https:\/\/www.doctoragibert.com\/es\/pacientes\/embarazo-y-parto\/vacunas-contra-covid-19\/#primaryimage\"},\"thumbnailUrl\":\"https:\/\/www.doctoragibert.com\/wp-content\/uploads\/2022\/11\/Covid_19_xifres_mundials_26-11-22.jpg\",\"datePublished\":\"2021-09-03T12:13:27+00:00\",\"dateModified\":\"2022-11-26T22:24:48+00:00\",\"breadcrumb\":{\"@id\":\"https:\/\/www.doctoragibert.com\/es\/pacientes\/embarazo-y-parto\/vacunas-contra-covid-19\/#breadcrumb\"},\"inLanguage\":\"es\",\"potentialAction\":[{\"@type\":\"ReadAction\",\"target\":[\"https:\/\/www.doctoragibert.com\/es\/pacientes\/embarazo-y-parto\/vacunas-contra-covid-19\/\"]}]},{\"@type\":\"ImageObject\",\"inLanguage\":\"es\",\"@id\":\"https:\/\/www.doctoragibert.com\/es\/pacientes\/embarazo-y-parto\/vacunas-contra-covid-19\/#primaryimage\",\"url\":\"https:\/\/www.doctoragibert.com\/wp-content\/uploads\/2022\/11\/Covid_19_xifres_mundials_26-11-22.jpg\",\"contentUrl\":\"https:\/\/www.doctoragibert.com\/wp-content\/uploads\/2022\/11\/Covid_19_xifres_mundials_26-11-22.jpg\"},{\"@type\":\"BreadcrumbList\",\"@id\":\"https:\/\/www.doctoragibert.com\/es\/pacientes\/embarazo-y-parto\/vacunas-contra-covid-19\/#breadcrumb\",\"itemListElement\":[{\"@type\":\"ListItem\",\"position\":1,\"name\":\"PACIENTES\",\"item\":\"https:\/\/www.doctoragibert.com\/es\/pacientes\/\"},{\"@type\":\"ListItem\",\"position\":2,\"name\":\"EMBARAZO Y PARTO\",\"item\":\"https:\/\/www.doctoragibert.com\/es\/pacientes\/embarazo-y-parto\/\"},{\"@type\":\"ListItem\",\"position\":3,\"name\":\"VACUNAS CONTRA LA COVID-19: \u00bfc\u00f3mo funcionan?, \u00bfqu\u00e9 sabemos de ellas?, \u00bfson seguras para embarazadas y para madres lactantes?\"}]},{\"@type\":\"WebSite\",\"@id\":\"https:\/\/www.doctoragibert.com\/es\/#website\",\"url\":\"https:\/\/www.doctoragibert.com\/es\/\",\"name\":\"DRA. GIBERT\",\"description\":\"Ginecologia i obstetricia\",\"potentialAction\":[{\"@type\":\"SearchAction\",\"target\":{\"@type\":\"EntryPoint\",\"urlTemplate\":\"https:\/\/www.doctoragibert.com\/es\/?s={search_term_string}\"},\"query-input\":{\"@type\":\"PropertyValueSpecification\",\"valueRequired\":true,\"valueName\":\"search_term_string\"}}],\"inLanguage\":\"es\"}]}<\/script>\n<!-- \/ Yoast SEO plugin. -->","yoast_head_json":{"title":"VACUNAS CONTRA LA COVID-19: \u00bfc\u00f3mo funcionan?, \u00bfqu\u00e9 sabemos de ellas?, \u00bfson seguras para embarazadas y para madres lactantes? - DRA. GIBERT","robots":{"index":"index","follow":"follow","max-snippet":"max-snippet:-1","max-image-preview":"max-image-preview:large","max-video-preview":"max-video-preview:-1"},"canonical":"https:\/\/www.doctoragibert.com\/es\/pacientes\/embarazo-y-parto\/vacunas-contra-covid-19\/","og_locale":"es_ES","og_type":"article","og_title":"VACUNAS CONTRA LA COVID-19: \u00bfc\u00f3mo funcionan?, \u00bfqu\u00e9 sabemos de ellas?, \u00bfson seguras para embarazadas y para madres lactantes? - DRA. GIBERT","og_description":"Autora:\u00a0Dra. MJ Gibert. Fecha de actualizaci\u00f3n: 26\/11\/22 . Fecha de versiones previas: 28\/2\/21, 26\/6\/21, 31\/7\/21, 4\/9\/21, 8\/1\/22, 18\/1\/22. Para tratar un tema del que se ha hablado y a\u00fan se hablar\u00e1 tanto como \u00e9ste, creo que lo mejor es seguir el sistema pregunta-respuesta. As\u00ed, podr\u00e9is ir localizando bajo los titulares lo que m\u00e1s os interese. [&hellip;]","og_url":"https:\/\/www.doctoragibert.com\/es\/pacientes\/embarazo-y-parto\/vacunas-contra-covid-19\/","og_site_name":"DRA. GIBERT","article_publisher":"https:\/\/www.facebook.com\/doctoragibert","article_modified_time":"2022-11-26T22:24:48+00:00","og_image":[{"url":"https:\/\/www.doctoragibert.com\/wp-content\/uploads\/2022\/11\/Covid_19_xifres_mundials_26-11-22.jpg","type":"","width":"","height":""}],"twitter_misc":{"Tiempo de lectura":"25 minutos"},"schema":{"@context":"https:\/\/schema.org","@graph":[{"@type":"WebPage","@id":"https:\/\/www.doctoragibert.com\/es\/pacientes\/embarazo-y-parto\/vacunas-contra-covid-19\/","url":"https:\/\/www.doctoragibert.com\/es\/pacientes\/embarazo-y-parto\/vacunas-contra-covid-19\/","name":"VACUNAS CONTRA LA COVID-19: \u00bfc\u00f3mo funcionan?, \u00bfqu\u00e9 sabemos de ellas?, \u00bfson seguras para embarazadas y para madres lactantes? - DRA. GIBERT","isPartOf":{"@id":"https:\/\/www.doctoragibert.com\/es\/#website"},"primaryImageOfPage":{"@id":"https:\/\/www.doctoragibert.com\/es\/pacientes\/embarazo-y-parto\/vacunas-contra-covid-19\/#primaryimage"},"image":{"@id":"https:\/\/www.doctoragibert.com\/es\/pacientes\/embarazo-y-parto\/vacunas-contra-covid-19\/#primaryimage"},"thumbnailUrl":"https:\/\/www.doctoragibert.com\/wp-content\/uploads\/2022\/11\/Covid_19_xifres_mundials_26-11-22.jpg","datePublished":"2021-09-03T12:13:27+00:00","dateModified":"2022-11-26T22:24:48+00:00","breadcrumb":{"@id":"https:\/\/www.doctoragibert.com\/es\/pacientes\/embarazo-y-parto\/vacunas-contra-covid-19\/#breadcrumb"},"inLanguage":"es","potentialAction":[{"@type":"ReadAction","target":["https:\/\/www.doctoragibert.com\/es\/pacientes\/embarazo-y-parto\/vacunas-contra-covid-19\/"]}]},{"@type":"ImageObject","inLanguage":"es","@id":"https:\/\/www.doctoragibert.com\/es\/pacientes\/embarazo-y-parto\/vacunas-contra-covid-19\/#primaryimage","url":"https:\/\/www.doctoragibert.com\/wp-content\/uploads\/2022\/11\/Covid_19_xifres_mundials_26-11-22.jpg","contentUrl":"https:\/\/www.doctoragibert.com\/wp-content\/uploads\/2022\/11\/Covid_19_xifres_mundials_26-11-22.jpg"},{"@type":"BreadcrumbList","@id":"https:\/\/www.doctoragibert.com\/es\/pacientes\/embarazo-y-parto\/vacunas-contra-covid-19\/#breadcrumb","itemListElement":[{"@type":"ListItem","position":1,"name":"PACIENTES","item":"https:\/\/www.doctoragibert.com\/es\/pacientes\/"},{"@type":"ListItem","position":2,"name":"EMBARAZO Y PARTO","item":"https:\/\/www.doctoragibert.com\/es\/pacientes\/embarazo-y-parto\/"},{"@type":"ListItem","position":3,"name":"VACUNAS CONTRA LA COVID-19: \u00bfc\u00f3mo funcionan?, \u00bfqu\u00e9 sabemos de ellas?, \u00bfson seguras para embarazadas y para madres lactantes?"}]},{"@type":"WebSite","@id":"https:\/\/www.doctoragibert.com\/es\/#website","url":"https:\/\/www.doctoragibert.com\/es\/","name":"DRA. GIBERT","description":"Ginecologia i obstetricia","potentialAction":[{"@type":"SearchAction","target":{"@type":"EntryPoint","urlTemplate":"https:\/\/www.doctoragibert.com\/es\/?s={search_term_string}"},"query-input":{"@type":"PropertyValueSpecification","valueRequired":true,"valueName":"search_term_string"}}],"inLanguage":"es"}]}},"_links":{"self":[{"href":"https:\/\/www.doctoragibert.com\/es\/wp-json\/wp\/v2\/pages\/17492","targetHints":{"allow":["GET"]}}],"collection":[{"href":"https:\/\/www.doctoragibert.com\/es\/wp-json\/wp\/v2\/pages"}],"about":[{"href":"https:\/\/www.doctoragibert.com\/es\/wp-json\/wp\/v2\/types\/page"}],"author":[{"embeddable":true,"href":"https:\/\/www.doctoragibert.com\/es\/wp-json\/wp\/v2\/users\/29996"}],"replies":[{"embeddable":true,"href":"https:\/\/www.doctoragibert.com\/es\/wp-json\/wp\/v2\/comments?post=17492"}],"version-history":[{"count":5,"href":"https:\/\/www.doctoragibert.com\/es\/wp-json\/wp\/v2\/pages\/17492\/revisions"}],"predecessor-version":[{"id":21078,"href":"https:\/\/www.doctoragibert.com\/es\/wp-json\/wp\/v2\/pages\/17492\/revisions\/21078"}],"up":[{"embeddable":true,"href":"https:\/\/www.doctoragibert.com\/es\/wp-json\/wp\/v2\/pages\/15253"}],"wp:attachment":[{"href":"https:\/\/www.doctoragibert.com\/es\/wp-json\/wp\/v2\/media?parent=17492"}],"curies":[{"name":"wp","href":"https:\/\/api.w.org\/{rel}","templated":true}]}}