{"id":7,"date":"2015-03-06T11:26:22","date_gmt":"2015-03-06T11:26:22","guid":{"rendered":"http:\/\/gibert.uxiodigital.com\/?page_id=7"},"modified":"2023-04-27T12:49:45","modified_gmt":"2023-04-27T12:49:45","slug":"noticias-2","status":"publish","type":"page","link":"https:\/\/www.doctoragibert.com\/es\/noticias-2\/","title":{"rendered":"Noticias"},"content":{"rendered":"\t\t<div data-elementor-type=\"wp-page\" data-elementor-id=\"7\" class=\"elementor elementor-7\">\n\t\t\t\t\t\t<section class=\"elementor-section elementor-top-section elementor-element elementor-element-913268f elementor-section-boxed elementor-section-height-default elementor-section-height-default\" data-id=\"913268f\" data-element_type=\"section\">\n\t\t\t\t\t\t<div class=\"elementor-container elementor-column-gap-default\">\n\t\t\t\t\t<div class=\"elementor-column elementor-col-100 elementor-top-column elementor-element elementor-element-53efb52\" data-id=\"53efb52\" data-element_type=\"column\" data-settings=\"{&quot;background_background&quot;:&quot;classic&quot;}\">\n\t\t\t<div class=\"elementor-widget-wrap elementor-element-populated\">\n\t\t\t\t\t<div class=\"elementor-background-overlay\"><\/div>\n\t\t\t\t\t\t<div class=\"elementor-element elementor-element-c607be0 elementor-widget elementor-widget-heading\" data-id=\"c607be0\" data-element_type=\"widget\" data-widget_type=\"heading.default\">\n\t\t\t\t<div class=\"elementor-widget-container\">\n\t\t\t\t\t<h2 class=\"elementor-heading-title elementor-size-default\">Noticias<\/h2>\t\t\t\t<\/div>\n\t\t\t\t<\/div>\n\t\t\t\t\t<\/div>\n\t\t<\/div>\n\t\t\t\t\t<\/div>\n\t\t<\/section>\n\t\t\t\t<section class=\"elementor-section elementor-top-section elementor-element elementor-element-bd8beb3 elementor-section-boxed elementor-section-height-default elementor-section-height-default\" data-id=\"bd8beb3\" data-element_type=\"section\">\n\t\t\t\t\t\t<div class=\"elementor-container elementor-column-gap-default\">\n\t\t\t\t\t<div class=\"elementor-column elementor-col-100 elementor-top-column elementor-element elementor-element-372c74d\" data-id=\"372c74d\" data-element_type=\"column\">\n\t\t\t<div class=\"elementor-widget-wrap elementor-element-populated\">\n\t\t\t\t\t\t<div class=\"elementor-element elementor-element-957f4c3 elementor-grid-eael-col-4 elementor-grid-tablet-eael-col-2 elementor-grid-mobile-eael-col-1 elementor-widget elementor-widget-eael-post-grid\" data-id=\"957f4c3\" data-element_type=\"widget\" data-settings=\"{&quot;eael_post_grid_columns&quot;:&quot;eael-col-4&quot;,&quot;eael_post_grid_columns_tablet&quot;:&quot;eael-col-2&quot;,&quot;eael_post_grid_columns_mobile&quot;:&quot;eael-col-1&quot;}\" data-widget_type=\"eael-post-grid.default\">\n\t\t\t\t<div class=\"elementor-widget-container\">\n\t\t\t\t\t<div id=\"eael-post-grid-957f4c3\" class=\"eael-post-grid-container\">\n            <div class=\"eael-post-grid eael-post-appender eael-post-appender-957f4c3 eael-post-grid-style-one\" data-layout-mode=\"grid\"><article class=\"eael-grid-post eael-post-grid-column\" data-id=\"23586\">\n        <div class=\"eael-grid-post-holder\">\n            <div class=\"eael-grid-post-holder-inner\"><div class=\"eael-entry-media\"><div class=\"eael-entry-overlay fade-in\"><i class=\"fas fa-long-arrow-alt-right\" aria-hidden=\"true\"><\/i><a href=\"https:\/\/www.doctoragibert.com\/es\/felices-fiestas-25-26\/\"><\/a><\/div><div class=\"eael-entry-thumbnail \">\n                <img fetchpriority=\"high\" decoding=\"async\" width=\"300\" height=\"300\" src=\"https:\/\/www.doctoragibert.com\/wp-content\/uploads\/2025\/12\/Xarxes_CASTELLA-300x300.png\" class=\"attachment-medium size-medium wp-image-23594\" alt=\"\" srcset=\"https:\/\/www.doctoragibert.com\/wp-content\/uploads\/2025\/12\/Xarxes_CASTELLA-300x300.png 300w, https:\/\/www.doctoragibert.com\/wp-content\/uploads\/2025\/12\/Xarxes_CASTELLA-1024x1024.png 1024w, https:\/\/www.doctoragibert.com\/wp-content\/uploads\/2025\/12\/Xarxes_CASTELLA-150x150.png 150w, https:\/\/www.doctoragibert.com\/wp-content\/uploads\/2025\/12\/Xarxes_CASTELLA-768x768.png 768w\" sizes=\"(max-width: 300px) 100vw, 300px\" \/>\n            <\/div>\n        <\/div><div class=\"eael-entry-wrapper\"><header class=\"eael-entry-header\"><h2 class=\"eael-entry-title\"><a\n                        class=\"eael-grid-post-link\"\n                        href=\"https:\/\/www.doctoragibert.com\/es\/felices-fiestas-25-26\/\"\n                        title=\"\u00a1Felices fiestas!\">\u00a1Felices fiestas!<\/a><\/h2><\/header><div class=\"eael-entry-content\">\n                        <div class=\"eael-grid-post-excerpt\"><p>Queridas pacientes, familias y amigos, Volvemos a ser aqu\u00ed y no queremos perder la ocasi\u00f3n que la web y las redes nos ofrecen para sentirnos...<\/p><a href=\"https:\/\/www.doctoragibert.com\/es\/felices-fiestas-25-26\/\" class=\"eael-post-elements-readmore-btn\">Leer m\u00e1s<\/a><\/div>\n                    <\/div><\/div><\/div>\n        <\/div>\n    <\/article><article class=\"eael-grid-post eael-post-grid-column\" data-id=\"23294\">\n        <div class=\"eael-grid-post-holder\">\n            <div class=\"eael-grid-post-holder-inner\"><div class=\"eael-entry-media\"><div class=\"eael-entry-overlay fade-in\"><i class=\"fas fa-long-arrow-alt-right\" aria-hidden=\"true\"><\/i><a href=\"https:\/\/www.doctoragibert.com\/es\/v_jornada_ssr\/\"><\/a><\/div><div class=\"eael-entry-thumbnail \">\n                <img decoding=\"async\" width=\"300\" height=\"300\" src=\"https:\/\/www.doctoragibert.com\/wp-content\/uploads\/2025\/05\/Cartell_V_Jornada_SSR-300x300.png\" class=\"attachment-medium size-medium wp-image-23299\" alt=\"\" srcset=\"https:\/\/www.doctoragibert.com\/wp-content\/uploads\/2025\/05\/Cartell_V_Jornada_SSR-300x300.png 300w, https:\/\/www.doctoragibert.com\/wp-content\/uploads\/2025\/05\/Cartell_V_Jornada_SSR-1024x1024.png 1024w, https:\/\/www.doctoragibert.com\/wp-content\/uploads\/2025\/05\/Cartell_V_Jornada_SSR-150x150.png 150w, https:\/\/www.doctoragibert.com\/wp-content\/uploads\/2025\/05\/Cartell_V_Jornada_SSR-768x768.png 768w\" sizes=\"(max-width: 300px) 100vw, 300px\" \/>\n            <\/div>\n        <\/div><div class=\"eael-entry-wrapper\"><header class=\"eael-entry-header\"><h2 class=\"eael-entry-title\"><a\n                        class=\"eael-grid-post-link\"\n                        href=\"https:\/\/www.doctoragibert.com\/es\/v_jornada_ssr\/\"\n                        title=\"Avanzamos todos juntos gracias a la tarea de la Sociedad Balear de Anticoncepci\u00f3n\">Avanzamos todos juntos gracias a la tarea de la Sociedad Balear de Anticoncepci\u00f3n<\/a><\/h2><\/header><div class=\"eael-entry-content\">\n                        <div class=\"eael-grid-post-excerpt\"><p>La Sociedad Balear de Anticoncepci\u00f3n (SBA)\u00a0es la filial auton\u00f3mica de la\u00a0Sociedad\u00a0Espa\u00f1ola\u00a0de\u00a0Contracepci\u00f3n, organismo sin \u00e1nimo de lucro que lucha para mejorar la Salud Sexual y Reproductiva...<\/p><a href=\"https:\/\/www.doctoragibert.com\/es\/v_jornada_ssr\/\" class=\"eael-post-elements-readmore-btn\">Leer m\u00e1s<\/a><\/div>\n                    <\/div><\/div><\/div>\n        <\/div>\n    <\/article><article class=\"eael-grid-post eael-post-grid-column\" data-id=\"23228\">\n        <div class=\"eael-grid-post-holder\">\n            <div class=\"eael-grid-post-holder-inner\"><div class=\"eael-entry-media\"><div class=\"eael-entry-overlay fade-in\"><i class=\"fas fa-long-arrow-alt-right\" aria-hidden=\"true\"><\/i><a href=\"https:\/\/www.doctoragibert.com\/es\/curso-anticoncepcion-menorca-25\/\"><\/a><\/div><div class=\"eael-entry-thumbnail \">\n                <img decoding=\"async\" width=\"300\" height=\"300\" src=\"https:\/\/www.doctoragibert.com\/wp-content\/uploads\/2025\/02\/WhatsApp_Image_2025-02-07_at_11.57.04-300x300.jpeg\" class=\"attachment-medium size-medium wp-image-23218\" alt=\"\" srcset=\"https:\/\/www.doctoragibert.com\/wp-content\/uploads\/2025\/02\/WhatsApp_Image_2025-02-07_at_11.57.04-300x300.jpeg 300w, https:\/\/www.doctoragibert.com\/wp-content\/uploads\/2025\/02\/WhatsApp_Image_2025-02-07_at_11.57.04-1024x1024.jpeg 1024w, https:\/\/www.doctoragibert.com\/wp-content\/uploads\/2025\/02\/WhatsApp_Image_2025-02-07_at_11.57.04-150x150.jpeg 150w, https:\/\/www.doctoragibert.com\/wp-content\/uploads\/2025\/02\/WhatsApp_Image_2025-02-07_at_11.57.04-768x768.jpeg 768w\" sizes=\"(max-width: 300px) 100vw, 300px\" \/>\n            <\/div>\n        <\/div><div class=\"eael-entry-wrapper\"><header class=\"eael-entry-header\"><h2 class=\"eael-entry-title\"><a\n                        class=\"eael-grid-post-link\"\n                        href=\"https:\/\/www.doctoragibert.com\/es\/curso-anticoncepcion-menorca-25\/\"\n                        title=\"La Dra. Gibert ha sido ponente del Curso de Actualizaci\u00f3n en Anticoncepci\u00f3n en Menorca\">La Dra. Gibert ha sido ponente del Curso de Actualizaci\u00f3n en Anticoncepci\u00f3n en Menorca<\/a><\/h2><\/header><div class=\"eael-entry-content\">\n                        <div class=\"eael-grid-post-excerpt\"><p>La Dra. Gibert lleva su compromiso con las mujeres a todos los \u00e1mbitos, independientemente del lugar, la financiaci\u00f3n y el tipo de actuaci\u00f3n requerida. Desde...<\/p><a href=\"https:\/\/www.doctoragibert.com\/es\/curso-anticoncepcion-menorca-25\/\" class=\"eael-post-elements-readmore-btn\">Leer m\u00e1s<\/a><\/div>\n                    <\/div><\/div><\/div>\n        <\/div>\n    <\/article><article class=\"eael-grid-post eael-post-grid-column\" data-id=\"23175\">\n        <div class=\"eael-grid-post-holder\">\n            <div class=\"eael-grid-post-holder-inner\"><div class=\"eael-entry-media\"><div class=\"eael-entry-overlay fade-in\"><i class=\"fas fa-long-arrow-alt-right\" aria-hidden=\"true\"><\/i><a href=\"https:\/\/www.doctoragibert.com\/es\/bon-nadal-25\/\"><\/a><\/div><div class=\"eael-entry-thumbnail \">\n                <img loading=\"lazy\" decoding=\"async\" width=\"300\" height=\"300\" src=\"https:\/\/www.doctoragibert.com\/wp-content\/uploads\/2024\/12\/Web_Nadal_2024-300x300.jpg\" class=\"attachment-medium size-medium wp-image-23172\" alt=\"\" srcset=\"https:\/\/www.doctoragibert.com\/wp-content\/uploads\/2024\/12\/Web_Nadal_2024-300x300.jpg 300w, https:\/\/www.doctoragibert.com\/wp-content\/uploads\/2024\/12\/Web_Nadal_2024-150x150.jpg 150w\" sizes=\"(max-width: 300px) 100vw, 300px\" \/>\n            <\/div>\n        <\/div><div class=\"eael-entry-wrapper\"><header class=\"eael-entry-header\"><h2 class=\"eael-entry-title\"><a\n                        class=\"eael-grid-post-link\"\n                        href=\"https:\/\/www.doctoragibert.com\/es\/bon-nadal-25\/\"\n                        title=\"Feliz Navidad y Pr\u00f3spero 2025\">Feliz Navidad y Pr\u00f3spero 2025<\/a><\/h2><\/header><div class=\"eael-entry-content\">\n                        <div class=\"eael-grid-post-excerpt\"><p>Queridas pacientes, familias y amistades de nuestra consulta: Un a\u00f1o m\u00e1s, aprovechamos la oportunidad que nos dan la web y las redes sociales para enviaros...<\/p><a href=\"https:\/\/www.doctoragibert.com\/es\/bon-nadal-25\/\" class=\"eael-post-elements-readmore-btn\">Leer m\u00e1s<\/a><\/div>\n                    <\/div><\/div><\/div>\n        <\/div>\n    <\/article><article class=\"eael-grid-post eael-post-grid-column\" data-id=\"22882\">\n        <div class=\"eael-grid-post-holder\">\n            <div class=\"eael-grid-post-holder-inner\"><div class=\"eael-entry-media\"><div class=\"eael-entry-overlay fade-in\"><i class=\"fas fa-long-arrow-alt-right\" aria-hidden=\"true\"><\/i><a href=\"https:\/\/www.doctoragibert.com\/es\/enquesta-anticoncepcio-sec-2024\/\"><\/a><\/div><div class=\"eael-entry-thumbnail \">\n                <img loading=\"lazy\" decoding=\"async\" width=\"300\" height=\"300\" src=\"https:\/\/www.doctoragibert.com\/wp-content\/uploads\/2024\/10\/pexels-thirdman-7659869-300x300.jpg\" class=\"attachment-medium size-medium wp-image-22860\" alt=\"\" srcset=\"https:\/\/www.doctoragibert.com\/wp-content\/uploads\/2024\/10\/pexels-thirdman-7659869-300x300.jpg 300w, https:\/\/www.doctoragibert.com\/wp-content\/uploads\/2024\/10\/pexels-thirdman-7659869-1024x1024.jpg 1024w, https:\/\/www.doctoragibert.com\/wp-content\/uploads\/2024\/10\/pexels-thirdman-7659869-150x150.jpg 150w, https:\/\/www.doctoragibert.com\/wp-content\/uploads\/2024\/10\/pexels-thirdman-7659869-768x768.jpg 768w\" sizes=\"(max-width: 300px) 100vw, 300px\" \/>\n            <\/div>\n        <\/div><div class=\"eael-entry-wrapper\"><header class=\"eael-entry-header\"><h2 class=\"eael-entry-title\"><a\n                        class=\"eael-grid-post-link\"\n                        href=\"https:\/\/www.doctoragibert.com\/es\/enquesta-anticoncepcio-sec-2024\/\"\n                        title=\"\u00bfQu\u00e9 nos dice la \u00faltima Encuesta de Anticoncepci\u00f3n en Espa\u00f1a?\">\u00bfQu\u00e9 nos dice la \u00faltima Encuesta de Anticoncepci\u00f3n en Espa\u00f1a?<\/a><\/h2><\/header><div class=\"eael-entry-content\">\n                        <div class=\"eael-grid-post-excerpt\"><p>En nuestra web, nos hacemos eco de la Encuesta Espa\u00f1ola de Anticoncepci\u00f3n, publicada por la Sociedad Espa\u00f1ola de Contracepci\u00f3n cada dos a\u00f1os, \u00a0Se contacta por...<\/p><a href=\"https:\/\/www.doctoragibert.com\/es\/enquesta-anticoncepcio-sec-2024\/\" class=\"eael-post-elements-readmore-btn\">Leer m\u00e1s<\/a><\/div>\n                    <\/div><\/div><\/div>\n        <\/div>\n    <\/article><article class=\"eael-grid-post eael-post-grid-column\" data-id=\"22416\">\n        <div class=\"eael-grid-post-holder\">\n            <div class=\"eael-grid-post-holder-inner\"><div class=\"eael-entry-media\"><div class=\"eael-entry-overlay fade-in\"><i class=\"fas fa-long-arrow-alt-right\" aria-hidden=\"true\"><\/i><a href=\"https:\/\/www.doctoragibert.com\/es\/iv_jornada_ssr\/\"><\/a><\/div><div class=\"eael-entry-thumbnail \">\n                <img loading=\"lazy\" decoding=\"async\" width=\"300\" height=\"300\" src=\"https:\/\/www.doctoragibert.com\/wp-content\/uploads\/2024\/04\/IV_Jornada_SBA_IG-300x300.png\" class=\"attachment-medium size-medium wp-image-22425\" alt=\"\" srcset=\"https:\/\/www.doctoragibert.com\/wp-content\/uploads\/2024\/04\/IV_Jornada_SBA_IG-300x300.png 300w, https:\/\/www.doctoragibert.com\/wp-content\/uploads\/2024\/04\/IV_Jornada_SBA_IG-1024x1024.png 1024w, https:\/\/www.doctoragibert.com\/wp-content\/uploads\/2024\/04\/IV_Jornada_SBA_IG-150x150.png 150w, https:\/\/www.doctoragibert.com\/wp-content\/uploads\/2024\/04\/IV_Jornada_SBA_IG-768x768.png 768w, https:\/\/www.doctoragibert.com\/wp-content\/uploads\/2024\/04\/IV_Jornada_SBA_IG.png 1080w\" sizes=\"(max-width: 300px) 100vw, 300px\" \/>\n            <\/div>\n        <\/div><div class=\"eael-entry-wrapper\"><header class=\"eael-entry-header\"><h2 class=\"eael-entry-title\"><a\n                        class=\"eael-grid-post-link\"\n                        href=\"https:\/\/www.doctoragibert.com\/es\/iv_jornada_ssr\/\"\n                        title=\"\u00c9xito rotundo en la IV Jornada de Actualizaci\u00f3n en Salud Sexual y Reproductiva\">\u00c9xito rotundo en la IV Jornada de Actualizaci\u00f3n en Salud Sexual y Reproductiva<\/a><\/h2><\/header><div class=\"eael-entry-content\">\n                        <div class=\"eael-grid-post-excerpt\"><p>El pasado 26 de abril, colaboramos en el Comit\u00e9 Cient\u00edfico y Organizador de la IV Jornada de Actualizaci\u00f3n en Salud Sexual y Reproductiva. Fue\u00a0organizada por...<\/p><a href=\"https:\/\/www.doctoragibert.com\/es\/iv_jornada_ssr\/\" class=\"eael-post-elements-readmore-btn\">Leer m\u00e1s<\/a><\/div>\n                    <\/div><\/div><\/div>\n        <\/div>\n    <\/article><article class=\"eael-grid-post eael-post-grid-column\" data-id=\"22325\">\n        <div class=\"eael-grid-post-holder\">\n            <div class=\"eael-grid-post-holder-inner\"><div class=\"eael-entry-media\"><div class=\"eael-entry-overlay fade-in\"><i class=\"fas fa-long-arrow-alt-right\" aria-hidden=\"true\"><\/i><a href=\"https:\/\/www.doctoragibert.com\/es\/bon-nadal-24\/\"><\/a><\/div><div class=\"eael-entry-thumbnail \">\n                <img loading=\"lazy\" decoding=\"async\" width=\"300\" height=\"300\" src=\"https:\/\/www.doctoragibert.com\/wp-content\/uploads\/2023\/12\/Nadal_2023-300x300.png\" class=\"attachment-medium size-medium wp-image-22321\" alt=\"\" srcset=\"https:\/\/www.doctoragibert.com\/wp-content\/uploads\/2023\/12\/Nadal_2023-300x300.png 300w, https:\/\/www.doctoragibert.com\/wp-content\/uploads\/2023\/12\/Nadal_2023-150x150.png 150w\" sizes=\"(max-width: 300px) 100vw, 300px\" \/>\n            <\/div>\n        <\/div><div class=\"eael-entry-wrapper\"><header class=\"eael-entry-header\"><h2 class=\"eael-entry-title\"><a\n                        class=\"eael-grid-post-link\"\n                        href=\"https:\/\/www.doctoragibert.com\/es\/bon-nadal-24\/\"\n                        title=\"Felices Fiestas y Pr\u00f3spero 2024\">Felices Fiestas y Pr\u00f3spero 2024<\/a><\/h2><\/header><div class=\"eael-entry-content\">\n                        <div class=\"eael-grid-post-excerpt\"><p>Queridas pacientes, familias, amigas y amigos de nuestra consulta: Un a\u00f1o m\u00e1s, la web y las redes sociales nos acercan, aunque sea virtualmente. Navidad significa...<\/p><a href=\"https:\/\/www.doctoragibert.com\/es\/bon-nadal-24\/\" class=\"eael-post-elements-readmore-btn\">Leer m\u00e1s<\/a><\/div>\n                    <\/div><\/div><\/div>\n        <\/div>\n    <\/article><article class=\"eael-grid-post eael-post-grid-column\" data-id=\"22310\">\n        <div class=\"eael-grid-post-holder\">\n            <div class=\"eael-grid-post-holder-inner\"><div class=\"eael-entry-media\"><div class=\"eael-entry-overlay fade-in\"><i class=\"fas fa-long-arrow-alt-right\" aria-hidden=\"true\"><\/i><a href=\"https:\/\/www.doctoragibert.com\/es\/octubre-cancer-mama\/\"><\/a><\/div><div class=\"eael-entry-thumbnail \">\n                <img loading=\"lazy\" decoding=\"async\" width=\"300\" height=\"300\" src=\"https:\/\/www.doctoragibert.com\/wp-content\/uploads\/2023\/10\/Dia_Mundial_Cancer_mama_2023_c-300x300.jpeg\" class=\"attachment-medium size-medium wp-image-22302\" alt=\"\" srcset=\"https:\/\/www.doctoragibert.com\/wp-content\/uploads\/2023\/10\/Dia_Mundial_Cancer_mama_2023_c-300x300.jpeg 300w, https:\/\/www.doctoragibert.com\/wp-content\/uploads\/2023\/10\/Dia_Mundial_Cancer_mama_2023_c-1024x1024.jpeg 1024w, https:\/\/www.doctoragibert.com\/wp-content\/uploads\/2023\/10\/Dia_Mundial_Cancer_mama_2023_c-150x150.jpeg 150w, https:\/\/www.doctoragibert.com\/wp-content\/uploads\/2023\/10\/Dia_Mundial_Cancer_mama_2023_c-768x768.jpeg 768w\" sizes=\"(max-width: 300px) 100vw, 300px\" \/>\n            <\/div>\n        <\/div><div class=\"eael-entry-wrapper\"><header class=\"eael-entry-header\"><h2 class=\"eael-entry-title\"><a\n                        class=\"eael-grid-post-link\"\n                        href=\"https:\/\/www.doctoragibert.com\/es\/octubre-cancer-mama\/\"\n                        title=\"Octubre, mes del c\u00e1ncer de mama\">Octubre, mes del c\u00e1ncer de mama<\/a><\/h2><\/header><div class=\"eael-entry-content\">\n                        <div class=\"eael-grid-post-excerpt\"><p>Aqu\u00ed estamos, otro a\u00f1o m\u00e1s, agradeciendo la oportunidad de crear conciencia sobre las enfermedades malignas de la mama. Os recordamos tambi\u00e9n que el jueves 19...<\/p><a href=\"https:\/\/www.doctoragibert.com\/es\/octubre-cancer-mama\/\" class=\"eael-post-elements-readmore-btn\">Leer m\u00e1s<\/a><\/div>\n                    <\/div><\/div><\/div>\n        <\/div>\n    <\/article><article class=\"eael-grid-post eael-post-grid-column\" data-id=\"21411\">\n        <div class=\"eael-grid-post-holder\">\n            <div class=\"eael-grid-post-holder-inner\"><div class=\"eael-entry-media\"><div class=\"eael-entry-overlay fade-in\"><i class=\"fas fa-long-arrow-alt-right\" aria-hidden=\"true\"><\/i><a href=\"https:\/\/www.doctoragibert.com\/es\/dia-cancer-ovari-2023\/\"><\/a><\/div><div class=\"eael-entry-thumbnail \">\n                <img loading=\"lazy\" decoding=\"async\" width=\"300\" height=\"300\" src=\"https:\/\/www.doctoragibert.com\/wp-content\/uploads\/2023\/05\/Abdomen_ovari_2-1-300x300.png\" class=\"attachment-medium size-medium wp-image-21421\" alt=\"\" srcset=\"https:\/\/www.doctoragibert.com\/wp-content\/uploads\/2023\/05\/Abdomen_ovari_2-1-300x300.png 300w, https:\/\/www.doctoragibert.com\/wp-content\/uploads\/2023\/05\/Abdomen_ovari_2-1-150x150.png 150w\" sizes=\"(max-width: 300px) 100vw, 300px\" \/>\n            <\/div>\n        <\/div><div class=\"eael-entry-wrapper\"><header class=\"eael-entry-header\"><h2 class=\"eael-entry-title\"><a\n                        class=\"eael-grid-post-link\"\n                        href=\"https:\/\/www.doctoragibert.com\/es\/dia-cancer-ovari-2023\/\"\n                        title=\"Hoy, lunes 8 de mayo, es el D\u00eda Mundial del C\u00e1ncer de Ovario 2023\">Hoy, lunes 8 de mayo, es el D\u00eda Mundial del C\u00e1ncer de Ovario 2023<\/a><\/h2><\/header><div class=\"eael-entry-content\">\n                        <div class=\"eael-grid-post-excerpt\"><p>Esta jornada es fundamental para recordar que el c\u00e1ncer de ovario nos puede afectar a todas, j\u00f3venes o mayores. Como no es tan frecuente como...<\/p><a href=\"https:\/\/www.doctoragibert.com\/es\/dia-cancer-ovari-2023\/\" class=\"eael-post-elements-readmore-btn\">Leer m\u00e1s<\/a><\/div>\n                    <\/div><\/div><\/div>\n        <\/div>\n    <\/article><article class=\"eael-grid-post eael-post-grid-column\" data-id=\"21263\">\n        <div class=\"eael-grid-post-holder\">\n            <div class=\"eael-grid-post-holder-inner\"><div class=\"eael-entry-media\"><div class=\"eael-entry-overlay fade-in\"><i class=\"fas fa-long-arrow-alt-right\" aria-hidden=\"true\"><\/i><a href=\"https:\/\/www.doctoragibert.com\/es\/3es_jornades_anticoncepcio\/\"><\/a><\/div><div class=\"eael-entry-thumbnail \">\n                <img loading=\"lazy\" decoding=\"async\" width=\"300\" height=\"300\" src=\"https:\/\/www.doctoragibert.com\/wp-content\/uploads\/2023\/04\/Programa_Jornades_SBA_2023_1-300x300.jpg\" class=\"attachment-medium size-medium wp-image-21257\" alt=\"\" srcset=\"https:\/\/www.doctoragibert.com\/wp-content\/uploads\/2023\/04\/Programa_Jornades_SBA_2023_1-300x300.jpg 300w, https:\/\/www.doctoragibert.com\/wp-content\/uploads\/2023\/04\/Programa_Jornades_SBA_2023_1-150x150.jpg 150w, https:\/\/www.doctoragibert.com\/wp-content\/uploads\/2023\/04\/Programa_Jornades_SBA_2023_1-768x768.jpg 768w\" sizes=\"(max-width: 300px) 100vw, 300px\" \/>\n            <\/div>\n        <\/div><div class=\"eael-entry-wrapper\"><header class=\"eael-entry-header\"><h2 class=\"eael-entry-title\"><a\n                        class=\"eael-grid-post-link\"\n                        href=\"https:\/\/www.doctoragibert.com\/es\/3es_jornades_anticoncepcio\/\"\n                        title=\"Formamos parte de la organizaci\u00f3n de la Jornadas Baleares de Anticoncepci\u00f3n\">Formamos parte de la organizaci\u00f3n de la Jornadas Baleares de Anticoncepci\u00f3n<\/a><\/h2><\/header><div class=\"eael-entry-content\">\n                        <div class=\"eael-grid-post-excerpt\"><p>El pr\u00f3ximo viernes 21 de abril, nos encontraremos en el Hospital Comarcal l&#8217;Inca para las III Jornadas de Actualizaci\u00f3n en Anticoncepci\u00f3n. La Dra. Gibert est\u00e1...<\/p><a href=\"https:\/\/www.doctoragibert.com\/es\/3es_jornades_anticoncepcio\/\" class=\"eael-post-elements-readmore-btn\">Leer m\u00e1s<\/a><\/div>\n                    <\/div><\/div><\/div>\n        <\/div>\n    <\/article><article class=\"eael-grid-post eael-post-grid-column\" data-id=\"21154\">\n        <div class=\"eael-grid-post-holder\">\n            <div class=\"eael-grid-post-holder-inner\"><div class=\"eael-entry-media\"><div class=\"eael-entry-overlay fade-in\"><i class=\"fas fa-long-arrow-alt-right\" aria-hidden=\"true\"><\/i><a href=\"https:\/\/www.doctoragibert.com\/es\/auditoria-2022\/\"><\/a><\/div><div class=\"eael-entry-thumbnail \">\n                <img loading=\"lazy\" decoding=\"async\" width=\"300\" height=\"300\" src=\"https:\/\/www.doctoragibert.com\/wp-content\/uploads\/2023\/01\/Audit_parts_2022-300x300.jpg\" class=\"attachment-medium size-medium wp-image-21145\" alt=\"\" srcset=\"https:\/\/www.doctoragibert.com\/wp-content\/uploads\/2023\/01\/Audit_parts_2022-300x300.jpg 300w, https:\/\/www.doctoragibert.com\/wp-content\/uploads\/2023\/01\/Audit_parts_2022-1024x1024.jpg 1024w, https:\/\/www.doctoragibert.com\/wp-content\/uploads\/2023\/01\/Audit_parts_2022-150x150.jpg 150w, https:\/\/www.doctoragibert.com\/wp-content\/uploads\/2023\/01\/Audit_parts_2022-768x768.jpg 768w\" sizes=\"(max-width: 300px) 100vw, 300px\" \/>\n            <\/div>\n        <\/div><div class=\"eael-entry-wrapper\"><header class=\"eael-entry-header\"><h2 class=\"eael-entry-title\"><a\n                        class=\"eael-grid-post-link\"\n                        href=\"https:\/\/www.doctoragibert.com\/es\/auditoria-2022\/\"\n                        title=\"Auditor\u00eda de nuestros partos en 2022: informarse bien para tomar las mejores decisiones\">Auditor\u00eda de nuestros partos en 2022: informarse bien para tomar las mejores decisiones<\/a><\/h2><\/header><div class=\"eael-entry-content\">\n                        <div class=\"eael-grid-post-excerpt\"><p>De nuevo, seguimos fieles a nuestra cita de evaluaci\u00f3n anual y apostamos por la transparencia respecto al manejo de embarazos y partos, porque sin evaluaci\u00f3n...<\/p><a href=\"https:\/\/www.doctoragibert.com\/es\/auditoria-2022\/\" class=\"eael-post-elements-readmore-btn\">Leer m\u00e1s<\/a><\/div>\n                    <\/div><\/div><\/div>\n        <\/div>\n    <\/article><article class=\"eael-grid-post eael-post-grid-column\" data-id=\"21135\">\n        <div class=\"eael-grid-post-holder\">\n            <div class=\"eael-grid-post-holder-inner\"><div class=\"eael-entry-media\"><div class=\"eael-entry-overlay fade-in\"><i class=\"fas fa-long-arrow-alt-right\" aria-hidden=\"true\"><\/i><a href=\"https:\/\/www.doctoragibert.com\/es\/bon-nadal-23\/\"><\/a><\/div><div class=\"eael-entry-thumbnail \">\n                <img loading=\"lazy\" decoding=\"async\" width=\"300\" height=\"300\" src=\"https:\/\/www.doctoragibert.com\/wp-content\/uploads\/2022\/12\/Arbre_Nadal-2-300x300.jpg\" class=\"attachment-medium size-medium wp-image-21118\" alt=\"\" srcset=\"https:\/\/www.doctoragibert.com\/wp-content\/uploads\/2022\/12\/Arbre_Nadal-2-300x300.jpg 300w, https:\/\/www.doctoragibert.com\/wp-content\/uploads\/2022\/12\/Arbre_Nadal-2-150x150.jpg 150w\" sizes=\"(max-width: 300px) 100vw, 300px\" \/>\n            <\/div>\n        <\/div><div class=\"eael-entry-wrapper\"><header class=\"eael-entry-header\"><h2 class=\"eael-entry-title\"><a\n                        class=\"eael-grid-post-link\"\n                        href=\"https:\/\/www.doctoragibert.com\/es\/bon-nadal-23\/\"\n                        title=\"Feliz Navidad y venturoso 2023\">Feliz Navidad y venturoso 2023<\/a><\/h2><\/header><div class=\"eael-entry-content\">\n                        <div class=\"eael-grid-post-excerpt\"><p>Estimadas usuarias, familias y amigos de nuestra consulta: Es inevitable cada a\u00f1o hacer memoria de los acontecimientos que dejamos atr\u00e1s y pensar en qu\u00e9 podemos...<\/p><a href=\"https:\/\/www.doctoragibert.com\/es\/bon-nadal-23\/\" class=\"eael-post-elements-readmore-btn\">Leer m\u00e1s<\/a><\/div>\n                    <\/div><\/div><\/div>\n        <\/div>\n    <\/article><\/div>\n            <div class=\"clearfix\"><\/div>\n        <\/div>            <div class=\"eael-load-more-button-wrap\">\n                <button class=\"eael-load-more-button\" id=\"eael-load-more-btn-957f4c3\" data-widget-id=\"957f4c3\" data-widget=\"957f4c3\" data-page-id=\"7\" data-template=\"{&quot;dir&quot;:&quot;lite&quot;,&quot;file_name&quot;:&quot;default.php&quot;,&quot;name&quot;:&quot;Post-Grid&quot;}\" data-class=\"Essential_Addons_Elementor\\Elements\\Post_Grid\" data-layout=\"grid\" data-page=\"1\" data-args=\"orderby=date&amp;order=desc&amp;ignore_sticky_posts=1&amp;post_status=publish&amp;posts_per_page=12&amp;offset=0&amp;post_type=post\" data-max-page=\"12\">\n                    <span class=\"eael-btn-loader button__loader\"><\/span>\n                    <span class=\"eael_load_more_text\">Ver m\u00e1s noticias<\/span>\n                <\/button>\n            <\/div>\n            \t\t\t\t<\/div>\n\t\t\t\t<\/div>\n\t\t\t\t\t<\/div>\n\t\t<\/div>\n\t\t\t\t\t<\/div>\n\t\t<\/section>\n\t\t\t\t<\/div>\n\t\t","protected":false},"excerpt":{"rendered":"<p>Noticias Formam part de l&#8217;organitzaci\u00f3 de les Jornades Balears d&#8217;Anticoncepci\u00f3 El pr\u00f2xim divendres 21 d&#8217;abril, ens trobarem a l&#8217;Hospital Comarcal l&#8217;Inca per a les III Jornades d&#8217;Actualitzaci\u00f3 en Anticoncepci\u00f3. La Dra. Gibert est\u00e0 col\u00b7laborant en&#8230; Leer m\u00e1s Auditoria dels nostres parts en 2022: informar-se b\u00e9 per prendre les millors decisions De bell nou, som fidels [&hellip;]<\/p>\n","protected":false},"author":12,"featured_media":0,"parent":0,"menu_order":0,"comment_status":"open","ping_status":"open","template":"elementor_header_footer","meta":{"footnotes":""},"class_list":["post-7","page","type-page","status-publish","hentry"],"yoast_head":"<!-- This site is optimized with the Yoast SEO plugin v25.0 - https:\/\/yoast.com\/wordpress\/plugins\/seo\/ -->\n<title>DOCTORA MJ GIBERT, Noticias sobre Ginecolog\u00eda, obstetricia<\/title>\n<meta name=\"description\" content=\"Publicaci\u00f3n de art\u00edculos relacionados con la ginecolog\u00eda y obstetricia, en especial en todo lo referente al embarazo y la maternidad.\" \/>\n<meta name=\"robots\" content=\"index, follow, max-snippet:-1, max-image-preview:large, max-video-preview:-1\" \/>\n<link rel=\"canonical\" href=\"https:\/\/www.doctoragibert.com\/es\/noticias-2\/\" \/>\n<meta property=\"og:locale\" content=\"es_ES\" \/>\n<meta property=\"og:type\" content=\"article\" \/>\n<meta property=\"og:title\" content=\"DOCTORA MJ GIBERT, Noticias sobre Ginecolog\u00eda, obstetricia\" \/>\n<meta property=\"og:description\" content=\"Publicaci\u00f3n de art\u00edculos relacionados con la ginecolog\u00eda y obstetricia, en especial en todo lo referente al embarazo y la maternidad.\" \/>\n<meta property=\"og:url\" content=\"https:\/\/www.doctoragibert.com\/es\/noticias-2\/\" \/>\n<meta property=\"og:site_name\" content=\"DRA. GIBERT\" \/>\n<meta property=\"article:publisher\" content=\"https:\/\/www.facebook.com\/doctoragibert\" \/>\n<meta property=\"article:modified_time\" content=\"2023-04-27T12:49:45+00:00\" \/>\n<meta property=\"og:image\" content=\"https:\/\/www.doctoragibert.com\/wp-content\/uploads\/2023\/04\/Programa_Jornades_SBA_2023_1-300x300.jpg\" \/>\n<meta name=\"twitter:label1\" content=\"Tiempo de lectura\" \/>\n\t<meta name=\"twitter:data1\" content=\"5 minutos\" \/>\n<script type=\"application\/ld+json\" class=\"yoast-schema-graph\">{\"@context\":\"https:\/\/schema.org\",\"@graph\":[{\"@type\":\"WebPage\",\"@id\":\"https:\/\/www.doctoragibert.com\/es\/noticias-2\/\",\"url\":\"https:\/\/www.doctoragibert.com\/es\/noticias-2\/\",\"name\":\"DOCTORA MJ GIBERT, Noticias sobre Ginecolog\u00eda, obstetricia\",\"isPartOf\":{\"@id\":\"https:\/\/www.doctoragibert.com\/es\/#website\"},\"primaryImageOfPage\":{\"@id\":\"https:\/\/www.doctoragibert.com\/es\/noticias-2\/#primaryimage\"},\"image\":{\"@id\":\"https:\/\/www.doctoragibert.com\/es\/noticias-2\/#primaryimage\"},\"thumbnailUrl\":\"https:\/\/www.doctoragibert.com\/wp-content\/uploads\/2023\/04\/Programa_Jornades_SBA_2023_1-300x300.jpg\",\"datePublished\":\"2015-03-06T11:26:22+00:00\",\"dateModified\":\"2023-04-27T12:49:45+00:00\",\"description\":\"Publicaci\u00f3n de art\u00edculos relacionados con la ginecolog\u00eda y obstetricia, en especial en todo lo referente al embarazo y la maternidad.\",\"inLanguage\":\"es\",\"potentialAction\":[{\"@type\":\"ReadAction\",\"target\":[\"https:\/\/www.doctoragibert.com\/es\/noticias-2\/\"]}]},{\"@type\":\"ImageObject\",\"inLanguage\":\"es\",\"@id\":\"https:\/\/www.doctoragibert.com\/es\/noticias-2\/#primaryimage\",\"url\":\"https:\/\/www.doctoragibert.com\/wp-content\/uploads\/2023\/04\/Programa_Jornades_SBA_2023_1-300x300.jpg\",\"contentUrl\":\"https:\/\/www.doctoragibert.com\/wp-content\/uploads\/2023\/04\/Programa_Jornades_SBA_2023_1-300x300.jpg\"},{\"@type\":\"WebSite\",\"@id\":\"https:\/\/www.doctoragibert.com\/es\/#website\",\"url\":\"https:\/\/www.doctoragibert.com\/es\/\",\"name\":\"DRA. GIBERT\",\"description\":\"Ginecologia i obstetricia\",\"potentialAction\":[{\"@type\":\"SearchAction\",\"target\":{\"@type\":\"EntryPoint\",\"urlTemplate\":\"https:\/\/www.doctoragibert.com\/es\/?s={search_term_string}\"},\"query-input\":{\"@type\":\"PropertyValueSpecification\",\"valueRequired\":true,\"valueName\":\"search_term_string\"}}],\"inLanguage\":\"es\"}]}<\/script>\n<!-- \/ Yoast SEO plugin. -->","yoast_head_json":{"title":"DOCTORA MJ GIBERT, Noticias sobre Ginecolog\u00eda, obstetricia","description":"Publicaci\u00f3n de art\u00edculos relacionados con la ginecolog\u00eda y obstetricia, en especial en todo lo referente al embarazo y la maternidad.","robots":{"index":"index","follow":"follow","max-snippet":"max-snippet:-1","max-image-preview":"max-image-preview:large","max-video-preview":"max-video-preview:-1"},"canonical":"https:\/\/www.doctoragibert.com\/es\/noticias-2\/","og_locale":"es_ES","og_type":"article","og_title":"DOCTORA MJ GIBERT, Noticias sobre Ginecolog\u00eda, obstetricia","og_description":"Publicaci\u00f3n de art\u00edculos relacionados con la ginecolog\u00eda y obstetricia, en especial en todo lo referente al embarazo y la maternidad.","og_url":"https:\/\/www.doctoragibert.com\/es\/noticias-2\/","og_site_name":"DRA. GIBERT","article_publisher":"https:\/\/www.facebook.com\/doctoragibert","article_modified_time":"2023-04-27T12:49:45+00:00","og_image":[{"url":"https:\/\/www.doctoragibert.com\/wp-content\/uploads\/2023\/04\/Programa_Jornades_SBA_2023_1-300x300.jpg","type":"","width":"","height":""}],"twitter_misc":{"Tiempo de lectura":"5 minutos"},"schema":{"@context":"https:\/\/schema.org","@graph":[{"@type":"WebPage","@id":"https:\/\/www.doctoragibert.com\/es\/noticias-2\/","url":"https:\/\/www.doctoragibert.com\/es\/noticias-2\/","name":"DOCTORA MJ GIBERT, Noticias sobre Ginecolog\u00eda, obstetricia","isPartOf":{"@id":"https:\/\/www.doctoragibert.com\/es\/#website"},"primaryImageOfPage":{"@id":"https:\/\/www.doctoragibert.com\/es\/noticias-2\/#primaryimage"},"image":{"@id":"https:\/\/www.doctoragibert.com\/es\/noticias-2\/#primaryimage"},"thumbnailUrl":"https:\/\/www.doctoragibert.com\/wp-content\/uploads\/2023\/04\/Programa_Jornades_SBA_2023_1-300x300.jpg","datePublished":"2015-03-06T11:26:22+00:00","dateModified":"2023-04-27T12:49:45+00:00","description":"Publicaci\u00f3n de art\u00edculos relacionados con la ginecolog\u00eda y obstetricia, en especial en todo lo referente al embarazo y la maternidad.","inLanguage":"es","potentialAction":[{"@type":"ReadAction","target":["https:\/\/www.doctoragibert.com\/es\/noticias-2\/"]}]},{"@type":"ImageObject","inLanguage":"es","@id":"https:\/\/www.doctoragibert.com\/es\/noticias-2\/#primaryimage","url":"https:\/\/www.doctoragibert.com\/wp-content\/uploads\/2023\/04\/Programa_Jornades_SBA_2023_1-300x300.jpg","contentUrl":"https:\/\/www.doctoragibert.com\/wp-content\/uploads\/2023\/04\/Programa_Jornades_SBA_2023_1-300x300.jpg"},{"@type":"WebSite","@id":"https:\/\/www.doctoragibert.com\/es\/#website","url":"https:\/\/www.doctoragibert.com\/es\/","name":"DRA. GIBERT","description":"Ginecologia i obstetricia","potentialAction":[{"@type":"SearchAction","target":{"@type":"EntryPoint","urlTemplate":"https:\/\/www.doctoragibert.com\/es\/?s={search_term_string}"},"query-input":{"@type":"PropertyValueSpecification","valueRequired":true,"valueName":"search_term_string"}}],"inLanguage":"es"}]}},"_links":{"self":[{"href":"https:\/\/www.doctoragibert.com\/es\/wp-json\/wp\/v2\/pages\/7","targetHints":{"allow":["GET"]}}],"collection":[{"href":"https:\/\/www.doctoragibert.com\/es\/wp-json\/wp\/v2\/pages"}],"about":[{"href":"https:\/\/www.doctoragibert.com\/es\/wp-json\/wp\/v2\/types\/page"}],"author":[{"embeddable":true,"href":"https:\/\/www.doctoragibert.com\/es\/wp-json\/wp\/v2\/users\/12"}],"replies":[{"embeddable":true,"href":"https:\/\/www.doctoragibert.com\/es\/wp-json\/wp\/v2\/comments?post=7"}],"version-history":[{"count":5,"href":"https:\/\/www.doctoragibert.com\/es\/wp-json\/wp\/v2\/pages\/7\/revisions"}],"predecessor-version":[{"id":21375,"href":"https:\/\/www.doctoragibert.com\/es\/wp-json\/wp\/v2\/pages\/7\/revisions\/21375"}],"wp:attachment":[{"href":"https:\/\/www.doctoragibert.com\/es\/wp-json\/wp\/v2\/media?parent=7"}],"curies":[{"name":"wp","href":"https:\/\/api.w.org\/{rel}","templated":true}]}}